{"id":494,"date":"2019-07-25T13:30:11","date_gmt":"2019-07-25T13:30:11","guid":{"rendered":"https:\/\/madridsindical.es\/archivo\/?page_id=494"},"modified":"2025-06-09T10:18:34","modified_gmt":"2025-06-09T10:18:34","slug":"reportajes","status":"publish","type":"page","link":"https:\/\/madridsindical.es\/archivo\/reportajes\/","title":{"rendered":"Reportajes"},"content":{"rendered":"\t\t<div data-elementor-type=\"wp-post\" data-elementor-id=\"494\" class=\"elementor elementor-494\">\n\t\t\t\t\t\t<section class=\"elementor-section elementor-top-section elementor-element elementor-element-2a31575 elementor-section-boxed elementor-section-height-default elementor-section-height-default\" data-id=\"2a31575\" data-element_type=\"section\">\n\t\t\t\t\t\t<div class=\"elementor-container elementor-column-gap-default\">\n\t\t\t\t\t<div class=\"elementor-column elementor-col-100 elementor-top-column elementor-element elementor-element-ed0bfc2\" data-id=\"ed0bfc2\" data-element_type=\"column\">\n\t\t\t<div class=\"elementor-widget-wrap elementor-element-populated\">\n\t\t\t\t\t\t<div class=\"elementor-element elementor-element-7a274d7 elementor-position-top elementor-widget elementor-widget-image-box\" data-id=\"7a274d7\" data-element_type=\"widget\" data-widget_type=\"image-box.default\">\n\t\t\t\t<div class=\"elementor-widget-container\">\n\t\t\t\t\t<div class=\"elementor-image-box-wrapper\"><figure class=\"elementor-image-box-img\"><a href=\"https:\/\/madridsindical.es\/archivo\/2025\/06\/05\/trabajadores-y-trabajadoras-de-corrugados-protestan-ante-el-ayuntamiento-de-getafe-por-la-falta-de-soluciones-al-conflicto\/\" tabindex=\"-1\"><img fetchpriority=\"high\" decoding=\"async\" width=\"2000\" height=\"1153\" src=\"https:\/\/madridsindical.es\/archivo\/wp-content\/uploads\/2025\/06\/001IMG_9796.jpg\" class=\"attachment-full size-full wp-image-5797\" alt=\"\" srcset=\"https:\/\/madridsindical.es\/archivo\/wp-content\/uploads\/2025\/06\/001IMG_9796.jpg 2000w, https:\/\/madridsindical.es\/archivo\/wp-content\/uploads\/2025\/06\/001IMG_9796-300x173.jpg 300w, https:\/\/madridsindical.es\/archivo\/wp-content\/uploads\/2025\/06\/001IMG_9796-1024x590.jpg 1024w, https:\/\/madridsindical.es\/archivo\/wp-content\/uploads\/2025\/06\/001IMG_9796-768x443.jpg 768w, https:\/\/madridsindical.es\/archivo\/wp-content\/uploads\/2025\/06\/001IMG_9796-1536x886.jpg 1536w, https:\/\/madridsindical.es\/archivo\/wp-content\/uploads\/2025\/06\/001IMG_9796-465x268.jpg 465w, https:\/\/madridsindical.es\/archivo\/wp-content\/uploads\/2025\/06\/001IMG_9796-695x401.jpg 695w\" sizes=\"(max-width: 2000px) 100vw, 2000px\" \/><\/a><\/figure><div class=\"elementor-image-box-content\"><h1 class=\"elementor-image-box-title\"><a href=\"https:\/\/madridsindical.es\/archivo\/2025\/06\/05\/trabajadores-y-trabajadoras-de-corrugados-protestan-ante-el-ayuntamiento-de-getafe-por-la-falta-de-soluciones-al-conflicto\/\">Trabajadores y trabajadoras de Corrugados protestan ante el Ayuntamiento de Getafe por la falta de soluciones al conflicto<\/a><\/h1><p class=\"elementor-image-box-description\">Cientos de trabajadores y trabajadoras, acompa\u00f1ados de sus familias y vecinos de Getafe se manifestaron desde la planta de Corrugados hasta el Ayuntamiento de la ciudad, para protestar por la falta de respuesta tanto de la alcaldesa como de la Comunidad de Madrid.\n\n<\/p><\/div><\/div>\t\t\t\t<\/div>\n\t\t\t\t<\/div>\n\t\t\t\t\t<\/div>\n\t\t<\/div>\n\t\t\t\t\t<\/div>\n\t\t<\/section>\n\t\t\t\t<section class=\"elementor-section elementor-top-section elementor-element elementor-element-7ba2dc2 elementor-section-boxed elementor-section-height-default elementor-section-height-default\" data-id=\"7ba2dc2\" data-element_type=\"section\">\n\t\t\t\t\t\t<div class=\"elementor-container elementor-column-gap-default\">\n\t\t\t\t\t<div class=\"elementor-column elementor-col-100 elementor-top-column elementor-element elementor-element-4f4bb26\" data-id=\"4f4bb26\" data-element_type=\"column\">\n\t\t\t<div class=\"elementor-widget-wrap elementor-element-populated\">\n\t\t\t\t\t\t<div class=\"elementor-element elementor-element-ab99793 elementor-widget-divider--view-line elementor-widget elementor-widget-divider\" data-id=\"ab99793\" data-element_type=\"widget\" data-widget_type=\"divider.default\">\n\t\t\t\t<div class=\"elementor-widget-container\">\n\t\t\t\t\t\t\t<div class=\"elementor-divider\">\n\t\t\t<span class=\"elementor-divider-separator\">\n\t\t\t\t\t\t<\/span>\n\t\t<\/div>\n\t\t\t\t\t\t<\/div>\n\t\t\t\t<\/div>\n\t\t\t\t\t<\/div>\n\t\t<\/div>\n\t\t\t\t\t<\/div>\n\t\t<\/section>\n\t\t\t\t<section class=\"elementor-section elementor-top-section elementor-element elementor-element-f1c4f94 elementor-section-boxed elementor-section-height-default elementor-section-height-default\" data-id=\"f1c4f94\" data-element_type=\"section\">\n\t\t\t\t\t\t<div class=\"elementor-container elementor-column-gap-default\">\n\t\t\t\t\t<div class=\"elementor-column elementor-col-100 elementor-top-column elementor-element elementor-element-c809e9a\" data-id=\"c809e9a\" data-element_type=\"column\">\n\t\t\t<div class=\"elementor-widget-wrap elementor-element-populated\">\n\t\t\t\t\t\t<div class=\"elementor-element elementor-element-c63a23f elementor-position-left elementor-vertical-align-middle elementor-widget elementor-widget-image-box\" data-id=\"c63a23f\" data-element_type=\"widget\" data-widget_type=\"image-box.default\">\n\t\t\t\t<div class=\"elementor-widget-container\">\n\t\t\t\t\t<div class=\"elementor-image-box-wrapper\"><figure class=\"elementor-image-box-img\"><a href=\"https:\/\/madridsindical.es\/archivo\/2025\/01\/10\/la-desigualdad-territorial-en-la-comunidad-de-madrid\/\" tabindex=\"-1\"><img decoding=\"async\" width=\"300\" height=\"209\" src=\"https:\/\/madridsindical.es\/archivo\/wp-content\/uploads\/2025\/01\/repordesigIMG_4312-300x209.jpg\" class=\"attachment-medium size-medium wp-image-4733\" alt=\"\" srcset=\"https:\/\/madridsindical.es\/archivo\/wp-content\/uploads\/2025\/01\/repordesigIMG_4312-300x209.jpg 300w, https:\/\/madridsindical.es\/archivo\/wp-content\/uploads\/2025\/01\/repordesigIMG_4312-1024x713.jpg 1024w, https:\/\/madridsindical.es\/archivo\/wp-content\/uploads\/2025\/01\/repordesigIMG_4312-768x535.jpg 768w, https:\/\/madridsindical.es\/archivo\/wp-content\/uploads\/2025\/01\/repordesigIMG_4312-1536x1069.jpg 1536w, https:\/\/madridsindical.es\/archivo\/wp-content\/uploads\/2025\/01\/repordesigIMG_4312-465x324.jpg 465w, https:\/\/madridsindical.es\/archivo\/wp-content\/uploads\/2025\/01\/repordesigIMG_4312-695x484.jpg 695w, https:\/\/madridsindical.es\/archivo\/wp-content\/uploads\/2025\/01\/repordesigIMG_4312.jpg 2000w\" sizes=\"(max-width: 300px) 100vw, 300px\" \/><\/a><\/figure><div class=\"elementor-image-box-content\"><h2 class=\"elementor-image-box-title\"><a href=\"https:\/\/madridsindical.es\/archivo\/2025\/01\/10\/la-desigualdad-territorial-en-la-comunidad-de-madrid\/\">La desigualdad territorial en la Comunidad de Madrid<\/a><\/h2><p class=\"elementor-image-box-description\">Cualquier indicador de calidad del empleo, productividad o condiciones de vida en la Comunidad de Madrid muestra una clara divisi\u00f3n entre los grandes municipios de la regi\u00f3n, divisi\u00f3n que afecta a la propia Ciudad de Madrid, cuyos indicadores por distritos muestran gran continuidad con la de los municipios lim\u00edtrofes.<\/p><\/div><\/div>\t\t\t\t<\/div>\n\t\t\t\t<\/div>\n\t\t\t\t\t<\/div>\n\t\t<\/div>\n\t\t\t\t\t<\/div>\n\t\t<\/section>\n\t\t\t\t<section class=\"elementor-section elementor-top-section elementor-element elementor-element-e214d51 elementor-section-boxed elementor-section-height-default elementor-section-height-default\" data-id=\"e214d51\" data-element_type=\"section\">\n\t\t\t\t\t\t<div class=\"elementor-container elementor-column-gap-default\">\n\t\t\t\t\t<div class=\"elementor-column elementor-col-100 elementor-top-column elementor-element elementor-element-89851f7\" data-id=\"89851f7\" data-element_type=\"column\">\n\t\t\t<div class=\"elementor-widget-wrap elementor-element-populated\">\n\t\t\t\t\t\t<div class=\"elementor-element elementor-element-473ae45 elementor-widget-divider--view-line elementor-widget elementor-widget-divider\" data-id=\"473ae45\" data-element_type=\"widget\" data-widget_type=\"divider.default\">\n\t\t\t\t<div class=\"elementor-widget-container\">\n\t\t\t\t\t\t\t<div class=\"elementor-divider\">\n\t\t\t<span class=\"elementor-divider-separator\">\n\t\t\t\t\t\t<\/span>\n\t\t<\/div>\n\t\t\t\t\t\t<\/div>\n\t\t\t\t<\/div>\n\t\t\t\t\t<\/div>\n\t\t<\/div>\n\t\t\t\t\t<\/div>\n\t\t<\/section>\n\t\t\t\t<section class=\"elementor-section elementor-top-section elementor-element elementor-element-7888aec elementor-section-boxed elementor-section-height-default elementor-section-height-default\" data-id=\"7888aec\" data-element_type=\"section\">\n\t\t\t\t\t\t<div class=\"elementor-container elementor-column-gap-default\">\n\t\t\t\t\t<div class=\"elementor-column elementor-col-100 elementor-top-column elementor-element elementor-element-a3049de\" data-id=\"a3049de\" data-element_type=\"column\">\n\t\t\t<div class=\"elementor-widget-wrap elementor-element-populated\">\n\t\t\t\t\t\t<div class=\"elementor-element elementor-element-adf794e elementor-position-left elementor-vertical-align-middle elementor-widget elementor-widget-image-box\" data-id=\"adf794e\" data-element_type=\"widget\" data-widget_type=\"image-box.default\">\n\t\t\t\t<div class=\"elementor-widget-container\">\n\t\t\t\t\t<div class=\"elementor-image-box-wrapper\"><figure class=\"elementor-image-box-img\"><a href=\"https:\/\/madridsindical.es\/archivo\/2024\/02\/19\/la-lucha-de-la-plantilla-de-schneider-grinon\/\" tabindex=\"-1\"><img decoding=\"async\" width=\"300\" height=\"200\" src=\"https:\/\/madridsindical.es\/archivo\/wp-content\/uploads\/2024\/02\/001IMG_9959-300x200.jpg\" class=\"attachment-medium size-medium wp-image-4073\" alt=\"\" srcset=\"https:\/\/madridsindical.es\/archivo\/wp-content\/uploads\/2024\/02\/001IMG_9959-300x200.jpg 300w, https:\/\/madridsindical.es\/archivo\/wp-content\/uploads\/2024\/02\/001IMG_9959-1024x682.jpg 1024w, https:\/\/madridsindical.es\/archivo\/wp-content\/uploads\/2024\/02\/001IMG_9959-768x512.jpg 768w, https:\/\/madridsindical.es\/archivo\/wp-content\/uploads\/2024\/02\/001IMG_9959-1536x1024.jpg 1536w, https:\/\/madridsindical.es\/archivo\/wp-content\/uploads\/2024\/02\/001IMG_9959-465x310.jpg 465w, https:\/\/madridsindical.es\/archivo\/wp-content\/uploads\/2024\/02\/001IMG_9959-695x463.jpg 695w, https:\/\/madridsindical.es\/archivo\/wp-content\/uploads\/2024\/02\/001IMG_9959.jpg 2000w\" sizes=\"(max-width: 300px) 100vw, 300px\" \/><\/a><\/figure><div class=\"elementor-image-box-content\"><h2 class=\"elementor-image-box-title\"><a href=\"https:\/\/madridsindical.es\/archivo\/2024\/02\/19\/la-lucha-de-la-plantilla-de-schneider-grinon\/\">Schneider Gri\u00f1\u00f3n, luchar hasta el \u00faltimo minuto<\/a><\/h2><p class=\"elementor-image-box-description\">Despu\u00e9s de dos a\u00f1os de lucha la plantilla de Schneider se ha convertido en un referente de cohesi\u00f3n y compromiso sindical. Amenazados por el cierre de la f\u00e1brica no solo pelean por sus puestos de trabajo. Tambi\u00e9n para defender la industria del sur de Madrid frente al acoso de las pol\u00edticas neoliberales y las deslocalizaciones.<\/p><\/div><\/div>\t\t\t\t<\/div>\n\t\t\t\t<\/div>\n\t\t\t\t\t<\/div>\n\t\t<\/div>\n\t\t\t\t\t<\/div>\n\t\t<\/section>\n\t\t\t\t<section class=\"elementor-section elementor-top-section elementor-element elementor-element-3e18ed4 elementor-section-boxed elementor-section-height-default elementor-section-height-default\" data-id=\"3e18ed4\" data-element_type=\"section\">\n\t\t\t\t\t\t<div class=\"elementor-container elementor-column-gap-default\">\n\t\t\t\t\t<div class=\"elementor-column elementor-col-100 elementor-top-column elementor-element elementor-element-0a8af1d\" data-id=\"0a8af1d\" data-element_type=\"column\">\n\t\t\t<div class=\"elementor-widget-wrap elementor-element-populated\">\n\t\t\t\t\t\t<div class=\"elementor-element elementor-element-cb6885f elementor-widget-divider--view-line elementor-widget elementor-widget-divider\" data-id=\"cb6885f\" data-element_type=\"widget\" data-widget_type=\"divider.default\">\n\t\t\t\t<div class=\"elementor-widget-container\">\n\t\t\t\t\t\t\t<div class=\"elementor-divider\">\n\t\t\t<span class=\"elementor-divider-separator\">\n\t\t\t\t\t\t<\/span>\n\t\t<\/div>\n\t\t\t\t\t\t<\/div>\n\t\t\t\t<\/div>\n\t\t\t\t\t<\/div>\n\t\t<\/div>\n\t\t\t\t\t<\/div>\n\t\t<\/section>\n\t\t\t\t<section class=\"elementor-section elementor-top-section elementor-element elementor-element-800f77d elementor-section-boxed elementor-section-height-default elementor-section-height-default\" data-id=\"800f77d\" data-element_type=\"section\">\n\t\t\t\t\t\t<div class=\"elementor-container elementor-column-gap-default\">\n\t\t\t\t\t<div class=\"elementor-column elementor-col-100 elementor-top-column elementor-element elementor-element-40b30d8\" data-id=\"40b30d8\" data-element_type=\"column\">\n\t\t\t<div class=\"elementor-widget-wrap elementor-element-populated\">\n\t\t\t\t\t\t<div class=\"elementor-element elementor-element-63a3114 elementor-position-left elementor-vertical-align-middle elementor-widget elementor-widget-image-box\" data-id=\"63a3114\" data-element_type=\"widget\" data-widget_type=\"image-box.default\">\n\t\t\t\t<div class=\"elementor-widget-container\">\n\t\t\t\t\t<div class=\"elementor-image-box-wrapper\"><figure class=\"elementor-image-box-img\"><a href=\"https:\/\/madridsindical.es\/archivo\/2024\/01\/18\/reportaje-huelga-general-en-argentina-contra-las-politicas-neoliberales-de-javier-milei\/\" tabindex=\"-1\"><img loading=\"lazy\" decoding=\"async\" width=\"300\" height=\"200\" src=\"https:\/\/madridsindical.es\/archivo\/wp-content\/uploads\/2024\/01\/photo1705569209-3-300x200.jpeg\" class=\"attachment-medium size-medium wp-image-4018\" alt=\"\" srcset=\"https:\/\/madridsindical.es\/archivo\/wp-content\/uploads\/2024\/01\/photo1705569209-3-300x200.jpeg 300w, https:\/\/madridsindical.es\/archivo\/wp-content\/uploads\/2024\/01\/photo1705569209-3-1024x683.jpeg 1024w, https:\/\/madridsindical.es\/archivo\/wp-content\/uploads\/2024\/01\/photo1705569209-3-768x512.jpeg 768w, https:\/\/madridsindical.es\/archivo\/wp-content\/uploads\/2024\/01\/photo1705569209-3-465x310.jpeg 465w, https:\/\/madridsindical.es\/archivo\/wp-content\/uploads\/2024\/01\/photo1705569209-3-695x463.jpeg 695w, https:\/\/madridsindical.es\/archivo\/wp-content\/uploads\/2024\/01\/photo1705569209-3.jpeg 1368w\" sizes=\"(max-width: 300px) 100vw, 300px\" \/><\/a><\/figure><div class=\"elementor-image-box-content\"><h2 class=\"elementor-image-box-title\"><a href=\"https:\/\/madridsindical.es\/archivo\/2024\/01\/18\/reportaje-huelga-general-en-argentina-contra-las-politicas-neoliberales-de-javier-milei\/\">Las centrales sindicales salen a la calle en Argentina: \u201ccon los trabajadores no se jode\u201d<\/a><\/h2><p class=\"elementor-image-box-description\">Argentina sufre los recortes, la represi\u00f3n y las medidas \u201cde motosierra\u201d de su nuevo presidente Javier Milei desde que tom\u00f3 posesi\u00f3n el pasado 10 de diciembre. Por ello, los trabajadores y trabajadoras saldr\u00e1n a la calle el pr\u00f3ximo 24 de enero para hacer frente a este ataque contra los derechos laborales y sociales.<\/p><\/div><\/div>\t\t\t\t<\/div>\n\t\t\t\t<\/div>\n\t\t\t\t\t<\/div>\n\t\t<\/div>\n\t\t\t\t\t<\/div>\n\t\t<\/section>\n\t\t\t\t<section class=\"elementor-section elementor-top-section elementor-element elementor-element-b416c53 elementor-section-boxed elementor-section-height-default elementor-section-height-default\" data-id=\"b416c53\" data-element_type=\"section\">\n\t\t\t\t\t\t<div class=\"elementor-container elementor-column-gap-default\">\n\t\t\t\t\t<div class=\"elementor-column elementor-col-100 elementor-top-column elementor-element elementor-element-7edd4f0\" data-id=\"7edd4f0\" data-element_type=\"column\">\n\t\t\t<div class=\"elementor-widget-wrap elementor-element-populated\">\n\t\t\t\t\t\t<div class=\"elementor-element elementor-element-481a210 elementor-widget-divider--view-line elementor-widget elementor-widget-divider\" data-id=\"481a210\" data-element_type=\"widget\" data-widget_type=\"divider.default\">\n\t\t\t\t<div class=\"elementor-widget-container\">\n\t\t\t\t\t\t\t<div class=\"elementor-divider\">\n\t\t\t<span class=\"elementor-divider-separator\">\n\t\t\t\t\t\t<\/span>\n\t\t<\/div>\n\t\t\t\t\t\t<\/div>\n\t\t\t\t<\/div>\n\t\t\t\t\t<\/div>\n\t\t<\/div>\n\t\t\t\t\t<\/div>\n\t\t<\/section>\n\t\t\t\t<section class=\"elementor-section elementor-top-section elementor-element elementor-element-deeb360 elementor-section-boxed elementor-section-height-default elementor-section-height-default\" data-id=\"deeb360\" data-element_type=\"section\">\n\t\t\t\t\t\t<div class=\"elementor-container elementor-column-gap-default\">\n\t\t\t\t\t<div class=\"elementor-column elementor-col-100 elementor-top-column elementor-element elementor-element-a19c604\" data-id=\"a19c604\" data-element_type=\"column\">\n\t\t\t<div class=\"elementor-widget-wrap elementor-element-populated\">\n\t\t\t\t\t\t<div class=\"elementor-element elementor-element-ad0ec5a elementor-position-left elementor-vertical-align-middle elementor-widget elementor-widget-image-box\" data-id=\"ad0ec5a\" data-element_type=\"widget\" data-widget_type=\"image-box.default\">\n\t\t\t\t<div class=\"elementor-widget-container\">\n\t\t\t\t\t<div class=\"elementor-image-box-wrapper\"><figure class=\"elementor-image-box-img\"><a href=\"https:\/\/madridsindical.es\/archivo\/2023\/10\/02\/el-drama-de-los-bebes-robados\/\" tabindex=\"-1\"><img loading=\"lazy\" decoding=\"async\" width=\"300\" height=\"200\" src=\"https:\/\/madridsindical.es\/archivo\/wp-content\/uploads\/2023\/10\/001IMG_5073-300x200.jpg\" class=\"attachment-medium size-medium wp-image-3893\" alt=\"\" srcset=\"https:\/\/madridsindical.es\/archivo\/wp-content\/uploads\/2023\/10\/001IMG_5073-300x200.jpg 300w, https:\/\/madridsindical.es\/archivo\/wp-content\/uploads\/2023\/10\/001IMG_5073-1024x682.jpg 1024w, https:\/\/madridsindical.es\/archivo\/wp-content\/uploads\/2023\/10\/001IMG_5073-768x512.jpg 768w, https:\/\/madridsindical.es\/archivo\/wp-content\/uploads\/2023\/10\/001IMG_5073-1536x1024.jpg 1536w, https:\/\/madridsindical.es\/archivo\/wp-content\/uploads\/2023\/10\/001IMG_5073-465x310.jpg 465w, https:\/\/madridsindical.es\/archivo\/wp-content\/uploads\/2023\/10\/001IMG_5073-695x463.jpg 695w, https:\/\/madridsindical.es\/archivo\/wp-content\/uploads\/2023\/10\/001IMG_5073.jpg 2000w\" sizes=\"(max-width: 300px) 100vw, 300px\" \/><\/a><\/figure><div class=\"elementor-image-box-content\"><h2 class=\"elementor-image-box-title\"><a href=\"https:\/\/madridsindical.es\/archivo\/2023\/10\/02\/el-drama-de-los-bebes-robados\/\">Revelando ausencias, luz sobre historias invisibles<\/a><\/h2><p class=\"elementor-image-box-description\">\u201cRevelando ausencias\u201d, el proyecto teatral basado en el drama de los beb\u00e9s robados en Espa\u00f1a, llega al Auditorio Marcelino Camacho el pr\u00f3ximo s\u00e1bado 7 de octubre. Una iniciativa terap\u00e9utica, justa y necesaria. Pocas veces el teatro puede ser m\u00e1s fiel a la vida.\n<\/p><\/div><\/div>\t\t\t\t<\/div>\n\t\t\t\t<\/div>\n\t\t\t\t\t<\/div>\n\t\t<\/div>\n\t\t\t\t\t<\/div>\n\t\t<\/section>\n\t\t\t\t<section class=\"elementor-section elementor-top-section elementor-element elementor-element-6462d35 elementor-section-boxed elementor-section-height-default elementor-section-height-default\" data-id=\"6462d35\" data-element_type=\"section\">\n\t\t\t\t\t\t<div class=\"elementor-container elementor-column-gap-default\">\n\t\t\t\t\t<div class=\"elementor-column elementor-col-100 elementor-top-column elementor-element elementor-element-b4e6f1a\" data-id=\"b4e6f1a\" data-element_type=\"column\">\n\t\t\t<div class=\"elementor-widget-wrap elementor-element-populated\">\n\t\t\t\t\t\t<div class=\"elementor-element elementor-element-622d136 elementor-widget-divider--view-line elementor-widget elementor-widget-divider\" data-id=\"622d136\" data-element_type=\"widget\" data-widget_type=\"divider.default\">\n\t\t\t\t<div class=\"elementor-widget-container\">\n\t\t\t\t\t\t\t<div class=\"elementor-divider\">\n\t\t\t<span class=\"elementor-divider-separator\">\n\t\t\t\t\t\t<\/span>\n\t\t<\/div>\n\t\t\t\t\t\t<\/div>\n\t\t\t\t<\/div>\n\t\t\t\t\t<\/div>\n\t\t<\/div>\n\t\t\t\t\t<\/div>\n\t\t<\/section>\n\t\t\t\t<section class=\"elementor-section elementor-top-section elementor-element elementor-element-97906e5 elementor-section-boxed elementor-section-height-default elementor-section-height-default\" data-id=\"97906e5\" data-element_type=\"section\">\n\t\t\t\t\t\t<div class=\"elementor-container elementor-column-gap-default\">\n\t\t\t\t\t<div class=\"elementor-column elementor-col-100 elementor-top-column elementor-element elementor-element-f1b9034\" data-id=\"f1b9034\" data-element_type=\"column\">\n\t\t\t<div class=\"elementor-widget-wrap elementor-element-populated\">\n\t\t\t\t\t\t<div class=\"elementor-element elementor-element-50b1526 elementor-position-left elementor-vertical-align-middle elementor-widget elementor-widget-image-box\" data-id=\"50b1526\" data-element_type=\"widget\" data-widget_type=\"image-box.default\">\n\t\t\t\t<div class=\"elementor-widget-container\">\n\t\t\t\t\t<div class=\"elementor-image-box-wrapper\"><figure class=\"elementor-image-box-img\"><a href=\"https:\/\/madridsindical.es\/archivo\/25nvamosacontarlo\/\" tabindex=\"-1\"><img loading=\"lazy\" decoding=\"async\" width=\"300\" height=\"184\" src=\"https:\/\/madridsindical.es\/archivo\/wp-content\/uploads\/2022\/11\/p1IMG_8676b-300x184.jpg\" class=\"attachment-medium size-medium wp-image-3577\" alt=\"\" srcset=\"https:\/\/madridsindical.es\/archivo\/wp-content\/uploads\/2022\/11\/p1IMG_8676b-300x184.jpg 300w, https:\/\/madridsindical.es\/archivo\/wp-content\/uploads\/2022\/11\/p1IMG_8676b-1024x629.jpg 1024w, https:\/\/madridsindical.es\/archivo\/wp-content\/uploads\/2022\/11\/p1IMG_8676b-768x472.jpg 768w, https:\/\/madridsindical.es\/archivo\/wp-content\/uploads\/2022\/11\/p1IMG_8676b-1536x943.jpg 1536w, https:\/\/madridsindical.es\/archivo\/wp-content\/uploads\/2022\/11\/p1IMG_8676b-465x286.jpg 465w, https:\/\/madridsindical.es\/archivo\/wp-content\/uploads\/2022\/11\/p1IMG_8676b-695x427.jpg 695w, https:\/\/madridsindical.es\/archivo\/wp-content\/uploads\/2022\/11\/p1IMG_8676b.jpg 2000w\" sizes=\"(max-width: 300px) 100vw, 300px\" \/><\/a><\/figure><div class=\"elementor-image-box-content\"><h2 class=\"elementor-image-box-title\"><a href=\"https:\/\/madridsindical.es\/archivo\/25nvamosacontarlo\/\">Violencia oculta Acoso sexual en el trabajo<\/a><\/h2><p class=\"elementor-image-box-description\">El acoso sexual en los centros de trabajo es una de las formas m\u00e1s ocultas e invisibilizadas de violencia de g\u00e9nero. No hay cifras oficiales sobre el n\u00famero real de v\u00edctimas. El \u00faltimo dato de referencia en Espa\u00f1a es el de la Macroencuesta de Violencia Contra la Mujer 2019, cuyo informe revel\u00f3 que cerca de un mill\u00f3n y medio de mujeres mayores de 16 a\u00f1os residentes en nuestro pa\u00eds han sufrido acoso sexual en el \u00e1mbito laboral y que los agresores son hombres en el 98,2% de los casos. Madrid Sindical ofrece los testimonios de cuatro trabajadoras que han pasado por ello. Lo cuentan en primera persona pero bajo nombres supuestos para evitar una exposici\u00f3n p\u00fablica que podr\u00eda perjudicarlas\n\n<\/p><\/div><\/div>\t\t\t\t<\/div>\n\t\t\t\t<\/div>\n\t\t\t\t\t<\/div>\n\t\t<\/div>\n\t\t\t\t\t<\/div>\n\t\t<\/section>\n\t\t\t\t<section class=\"elementor-section elementor-top-section elementor-element elementor-element-b6ed485 elementor-section-boxed elementor-section-height-default elementor-section-height-default\" data-id=\"b6ed485\" data-element_type=\"section\">\n\t\t\t\t\t\t<div class=\"elementor-container elementor-column-gap-default\">\n\t\t\t\t\t<div class=\"elementor-column elementor-col-100 elementor-top-column elementor-element elementor-element-02e6518\" data-id=\"02e6518\" data-element_type=\"column\">\n\t\t\t<div class=\"elementor-widget-wrap elementor-element-populated\">\n\t\t\t\t\t\t<div class=\"elementor-element elementor-element-31f3950 elementor-widget-divider--view-line elementor-widget elementor-widget-divider\" data-id=\"31f3950\" data-element_type=\"widget\" data-widget_type=\"divider.default\">\n\t\t\t\t<div class=\"elementor-widget-container\">\n\t\t\t\t\t\t\t<div class=\"elementor-divider\">\n\t\t\t<span class=\"elementor-divider-separator\">\n\t\t\t\t\t\t<\/span>\n\t\t<\/div>\n\t\t\t\t\t\t<\/div>\n\t\t\t\t<\/div>\n\t\t\t\t\t<\/div>\n\t\t<\/div>\n\t\t\t\t\t<\/div>\n\t\t<\/section>\n\t\t\t\t<section class=\"elementor-section elementor-top-section elementor-element elementor-element-15f02db elementor-section-boxed elementor-section-height-default elementor-section-height-default\" data-id=\"15f02db\" data-element_type=\"section\">\n\t\t\t\t\t\t<div class=\"elementor-container elementor-column-gap-default\">\n\t\t\t\t\t<div class=\"elementor-column elementor-col-100 elementor-top-column elementor-element elementor-element-23649ab\" data-id=\"23649ab\" data-element_type=\"column\">\n\t\t\t<div class=\"elementor-widget-wrap elementor-element-populated\">\n\t\t\t\t\t\t<div class=\"elementor-element elementor-element-9308194 elementor-position-left elementor-vertical-align-middle elementor-widget elementor-widget-image-box\" data-id=\"9308194\" data-element_type=\"widget\" data-widget_type=\"image-box.default\">\n\t\t\t\t<div class=\"elementor-widget-container\">\n\t\t\t\t\t<div class=\"elementor-image-box-wrapper\"><figure class=\"elementor-image-box-img\"><a href=\"https:\/\/madridsindical.es\/archivo\/2022\/11\/21\/san-fernando-de-henares-se-hunde-por-el-metro\/\" tabindex=\"-1\"><img loading=\"lazy\" decoding=\"async\" width=\"300\" height=\"200\" src=\"https:\/\/madridsindical.es\/archivo\/wp-content\/uploads\/2022\/11\/001IMG_3436-300x200.jpg\" class=\"attachment-medium size-medium wp-image-3535\" alt=\"\" srcset=\"https:\/\/madridsindical.es\/archivo\/wp-content\/uploads\/2022\/11\/001IMG_3436-300x200.jpg 300w, https:\/\/madridsindical.es\/archivo\/wp-content\/uploads\/2022\/11\/001IMG_3436-1024x682.jpg 1024w, https:\/\/madridsindical.es\/archivo\/wp-content\/uploads\/2022\/11\/001IMG_3436-768x512.jpg 768w, https:\/\/madridsindical.es\/archivo\/wp-content\/uploads\/2022\/11\/001IMG_3436-1536x1024.jpg 1536w, https:\/\/madridsindical.es\/archivo\/wp-content\/uploads\/2022\/11\/001IMG_3436-465x310.jpg 465w, https:\/\/madridsindical.es\/archivo\/wp-content\/uploads\/2022\/11\/001IMG_3436-695x463.jpg 695w, https:\/\/madridsindical.es\/archivo\/wp-content\/uploads\/2022\/11\/001IMG_3436.jpg 2000w\" sizes=\"(max-width: 300px) 100vw, 300px\" \/><\/a><\/figure><div class=\"elementor-image-box-content\"><h2 class=\"elementor-image-box-title\"><a href=\"https:\/\/madridsindical.es\/archivo\/2022\/11\/21\/san-fernando-de-henares-se-hunde-por-el-metro\/\">San Fernando se hunde: el Metro enterr\u00f3 sus vidas<\/a><\/h2><p class=\"elementor-image-box-description\">En 2007 el metro llegaba a San Fernando de Henares (40.000 habitantes), un municipio de  trabajadoras y trabajadores que por fin pod\u00eda conectarse con la capital, sentirse parte de Madrid. Aquel \u201csue\u00f1o colectivo\u201d, como se dijo entonces, se tornar\u00eda pronto en pesadilla.\n\n<\/p><\/div><\/div>\t\t\t\t<\/div>\n\t\t\t\t<\/div>\n\t\t\t\t\t<\/div>\n\t\t<\/div>\n\t\t\t\t\t<\/div>\n\t\t<\/section>\n\t\t\t\t<section class=\"elementor-section elementor-top-section elementor-element elementor-element-34b6a62 elementor-section-boxed elementor-section-height-default elementor-section-height-default\" data-id=\"34b6a62\" data-element_type=\"section\">\n\t\t\t\t\t\t<div class=\"elementor-container elementor-column-gap-default\">\n\t\t\t\t\t<div class=\"elementor-column elementor-col-100 elementor-top-column elementor-element elementor-element-1e43542\" data-id=\"1e43542\" data-element_type=\"column\">\n\t\t\t<div class=\"elementor-widget-wrap elementor-element-populated\">\n\t\t\t\t\t\t<div class=\"elementor-element elementor-element-a1f4b71 elementor-widget-divider--view-line elementor-widget elementor-widget-divider\" data-id=\"a1f4b71\" data-element_type=\"widget\" data-widget_type=\"divider.default\">\n\t\t\t\t<div class=\"elementor-widget-container\">\n\t\t\t\t\t\t\t<div class=\"elementor-divider\">\n\t\t\t<span class=\"elementor-divider-separator\">\n\t\t\t\t\t\t<\/span>\n\t\t<\/div>\n\t\t\t\t\t\t<\/div>\n\t\t\t\t<\/div>\n\t\t\t\t\t<\/div>\n\t\t<\/div>\n\t\t\t\t\t<\/div>\n\t\t<\/section>\n\t\t\t\t<section class=\"elementor-section elementor-top-section elementor-element elementor-element-8292009 elementor-section-boxed elementor-section-height-default elementor-section-height-default\" data-id=\"8292009\" data-element_type=\"section\">\n\t\t\t\t\t\t<div class=\"elementor-container elementor-column-gap-default\">\n\t\t\t\t\t<div class=\"elementor-column elementor-col-100 elementor-top-column elementor-element elementor-element-063f9fc\" data-id=\"063f9fc\" data-element_type=\"column\">\n\t\t\t<div class=\"elementor-widget-wrap elementor-element-populated\">\n\t\t\t\t\t\t<div class=\"elementor-element elementor-element-793653f elementor-position-left elementor-vertical-align-middle elementor-widget elementor-widget-image-box\" data-id=\"793653f\" data-element_type=\"widget\" data-widget_type=\"image-box.default\">\n\t\t\t\t<div class=\"elementor-widget-container\">\n\t\t\t\t\t<div class=\"elementor-image-box-wrapper\"><figure class=\"elementor-image-box-img\"><a href=\"https:\/\/madridsindical.es\/archivo\/2022\/10\/04\/huir-o-morir-la-tragedia-de-las-mujeres-afganas\/\" tabindex=\"-1\"><img loading=\"lazy\" decoding=\"async\" width=\"300\" height=\"200\" src=\"https:\/\/madridsindical.es\/archivo\/wp-content\/uploads\/2022\/10\/010IMG_6195-300x200.jpg\" class=\"attachment-medium size-medium wp-image-3374\" alt=\"\" srcset=\"https:\/\/madridsindical.es\/archivo\/wp-content\/uploads\/2022\/10\/010IMG_6195-300x200.jpg 300w, https:\/\/madridsindical.es\/archivo\/wp-content\/uploads\/2022\/10\/010IMG_6195-1024x682.jpg 1024w, https:\/\/madridsindical.es\/archivo\/wp-content\/uploads\/2022\/10\/010IMG_6195-768x512.jpg 768w, https:\/\/madridsindical.es\/archivo\/wp-content\/uploads\/2022\/10\/010IMG_6195-1536x1024.jpg 1536w, https:\/\/madridsindical.es\/archivo\/wp-content\/uploads\/2022\/10\/010IMG_6195-465x310.jpg 465w, https:\/\/madridsindical.es\/archivo\/wp-content\/uploads\/2022\/10\/010IMG_6195-695x463.jpg 695w, https:\/\/madridsindical.es\/archivo\/wp-content\/uploads\/2022\/10\/010IMG_6195.jpg 2000w\" sizes=\"(max-width: 300px) 100vw, 300px\" \/><\/a><\/figure><div class=\"elementor-image-box-content\"><h2 class=\"elementor-image-box-title\"><a href=\"https:\/\/madridsindical.es\/archivo\/2022\/10\/04\/huir-o-morir-la-tragedia-de-las-mujeres-afganas\/\">Huir o morir: la tragedia de las mujeres afganas<\/a><\/h2><p class=\"elementor-image-box-description\">Con el lema de \u201cNo al olvido\u201d, el pasado jueves 6 de octubre de 2022 se celebr\u00f3 en la sede de CCOO de Madrid un acto de apoyo a las mujeres afganas en el que se escuchar\u00e1 la voz de un grupo de exiliadas que ha logrado esquivar una muerte segura a manos de los talib\u00e1n. Hasta hace poco m\u00e1s de un a\u00f1o ejerc\u00edan en su pa\u00eds como juezas, periodistas, deportistas, ingenieras, activistas\u2026, lo que constituye un grave delito para la extrema derecha isl\u00e1mica que gobierna el pa\u00eds tras la retirada estadounidense.<\/p><\/div><\/div>\t\t\t\t<\/div>\n\t\t\t\t<\/div>\n\t\t\t\t\t<\/div>\n\t\t<\/div>\n\t\t\t\t\t<\/div>\n\t\t<\/section>\n\t\t\t\t<section class=\"elementor-section elementor-top-section elementor-element elementor-element-e74e92f elementor-section-boxed elementor-section-height-default elementor-section-height-default\" data-id=\"e74e92f\" data-element_type=\"section\">\n\t\t\t\t\t\t<div class=\"elementor-container elementor-column-gap-default\">\n\t\t\t\t\t<div class=\"elementor-column elementor-col-100 elementor-top-column elementor-element elementor-element-91ab669\" data-id=\"91ab669\" data-element_type=\"column\">\n\t\t\t<div class=\"elementor-widget-wrap elementor-element-populated\">\n\t\t\t\t\t\t<div class=\"elementor-element elementor-element-161c10c elementor-widget-divider--view-line elementor-widget elementor-widget-divider\" data-id=\"161c10c\" data-element_type=\"widget\" data-widget_type=\"divider.default\">\n\t\t\t\t<div class=\"elementor-widget-container\">\n\t\t\t\t\t\t\t<div class=\"elementor-divider\">\n\t\t\t<span class=\"elementor-divider-separator\">\n\t\t\t\t\t\t<\/span>\n\t\t<\/div>\n\t\t\t\t\t\t<\/div>\n\t\t\t\t<\/div>\n\t\t\t\t\t<\/div>\n\t\t<\/div>\n\t\t\t\t\t<\/div>\n\t\t<\/section>\n\t\t\t\t<section class=\"elementor-section elementor-top-section elementor-element elementor-element-41f4742 elementor-section-boxed elementor-section-height-default elementor-section-height-default\" data-id=\"41f4742\" data-element_type=\"section\">\n\t\t\t\t\t\t<div class=\"elementor-container elementor-column-gap-default\">\n\t\t\t\t\t<div class=\"elementor-column elementor-col-100 elementor-top-column elementor-element elementor-element-9a00e2f\" data-id=\"9a00e2f\" data-element_type=\"column\">\n\t\t\t<div class=\"elementor-widget-wrap elementor-element-populated\">\n\t\t\t\t\t\t<div class=\"elementor-element elementor-element-25abc7f elementor-position-left elementor-vertical-align-middle elementor-widget elementor-widget-image-box\" data-id=\"25abc7f\" data-element_type=\"widget\" data-widget_type=\"image-box.default\">\n\t\t\t\t<div class=\"elementor-widget-container\">\n\t\t\t\t\t<div class=\"elementor-image-box-wrapper\"><figure class=\"elementor-image-box-img\"><a href=\"https:\/\/madridsindical.es\/archivo\/memoriademocratica\/\" tabindex=\"-1\"><img loading=\"lazy\" decoding=\"async\" width=\"300\" height=\"173\" src=\"https:\/\/madridsindical.es\/archivo\/wp-content\/uploads\/2022\/05\/003img4-016-300x173.jpg\" class=\"attachment-medium size-medium wp-image-3250\" alt=\"\" srcset=\"https:\/\/madridsindical.es\/archivo\/wp-content\/uploads\/2022\/05\/003img4-016-300x173.jpg 300w, https:\/\/madridsindical.es\/archivo\/wp-content\/uploads\/2022\/05\/003img4-016-1024x592.jpg 1024w, https:\/\/madridsindical.es\/archivo\/wp-content\/uploads\/2022\/05\/003img4-016-768x444.jpg 768w, https:\/\/madridsindical.es\/archivo\/wp-content\/uploads\/2022\/05\/003img4-016-1536x888.jpg 1536w, https:\/\/madridsindical.es\/archivo\/wp-content\/uploads\/2022\/05\/003img4-016-465x269.jpg 465w, https:\/\/madridsindical.es\/archivo\/wp-content\/uploads\/2022\/05\/003img4-016-695x402.jpg 695w, https:\/\/madridsindical.es\/archivo\/wp-content\/uploads\/2022\/05\/003img4-016.jpg 2000w\" sizes=\"(max-width: 300px) 100vw, 300px\" \/><\/a><\/figure><div class=\"elementor-image-box-content\"><h2 class=\"elementor-image-box-title\"><a href=\"https:\/\/madridsindical.es\/archivo\/memoriademocratica\/\">Especial Memoria Democr\u00e1tica<\/a><\/h2><p class=\"elementor-image-box-description\">Apenas queda rastro en Madrid de lo que fueron los centros de detenci\u00f3n y tortura del franquismo. La demolici\u00f3n en 2008 de la c\u00e1rcel de Carabanchel, s\u00edmbolo de la resistencia frente a la dictadura, fue un acto contra la memoria. <\/p><\/div><\/div>\t\t\t\t<\/div>\n\t\t\t\t<\/div>\n\t\t\t\t\t<\/div>\n\t\t<\/div>\n\t\t\t\t\t<\/div>\n\t\t<\/section>\n\t\t\t\t<section class=\"elementor-section elementor-top-section elementor-element elementor-element-240d964 elementor-section-boxed elementor-section-height-default elementor-section-height-default\" data-id=\"240d964\" data-element_type=\"section\">\n\t\t\t\t\t\t<div class=\"elementor-container elementor-column-gap-default\">\n\t\t\t\t\t<div class=\"elementor-column elementor-col-100 elementor-top-column elementor-element elementor-element-5d8f3ca\" data-id=\"5d8f3ca\" data-element_type=\"column\">\n\t\t\t<div class=\"elementor-widget-wrap elementor-element-populated\">\n\t\t\t\t\t\t<div class=\"elementor-element elementor-element-37b8709 elementor-widget-divider--view-line elementor-widget elementor-widget-divider\" data-id=\"37b8709\" data-element_type=\"widget\" data-widget_type=\"divider.default\">\n\t\t\t\t<div class=\"elementor-widget-container\">\n\t\t\t\t\t\t\t<div class=\"elementor-divider\">\n\t\t\t<span class=\"elementor-divider-separator\">\n\t\t\t\t\t\t<\/span>\n\t\t<\/div>\n\t\t\t\t\t\t<\/div>\n\t\t\t\t<\/div>\n\t\t\t\t\t<\/div>\n\t\t<\/div>\n\t\t\t\t\t<\/div>\n\t\t<\/section>\n\t\t\t\t<section class=\"elementor-section elementor-top-section elementor-element elementor-element-3c588de elementor-section-boxed elementor-section-height-default elementor-section-height-default\" data-id=\"3c588de\" data-element_type=\"section\">\n\t\t\t\t\t\t<div class=\"elementor-container elementor-column-gap-default\">\n\t\t\t\t\t<div class=\"elementor-column elementor-col-100 elementor-top-column elementor-element elementor-element-9d4b94e\" data-id=\"9d4b94e\" data-element_type=\"column\">\n\t\t\t<div class=\"elementor-widget-wrap elementor-element-populated\">\n\t\t\t\t\t\t<div class=\"elementor-element elementor-element-09e10b5 elementor-position-left elementor-vertical-align-middle elementor-widget elementor-widget-image-box\" data-id=\"09e10b5\" data-element_type=\"widget\" data-widget_type=\"image-box.default\">\n\t\t\t\t<div class=\"elementor-widget-container\">\n\t\t\t\t\t<div class=\"elementor-image-box-wrapper\"><figure class=\"elementor-image-box-img\"><a href=\"https:\/\/madridsindical.es\/archivo\/2022\/04\/27\/la-voz-de-los-afectados-por-amianto\/\" tabindex=\"-1\"><img loading=\"lazy\" decoding=\"async\" width=\"300\" height=\"174\" src=\"https:\/\/madridsindical.es\/archivo\/wp-content\/uploads\/2022\/04\/003IMG_3258-300x174.jpg\" class=\"attachment-medium size-medium wp-image-3212\" alt=\"\" srcset=\"https:\/\/madridsindical.es\/archivo\/wp-content\/uploads\/2022\/04\/003IMG_3258-300x174.jpg 300w, https:\/\/madridsindical.es\/archivo\/wp-content\/uploads\/2022\/04\/003IMG_3258-1024x595.jpg 1024w, https:\/\/madridsindical.es\/archivo\/wp-content\/uploads\/2022\/04\/003IMG_3258-768x446.jpg 768w, https:\/\/madridsindical.es\/archivo\/wp-content\/uploads\/2022\/04\/003IMG_3258-465x270.jpg 465w, https:\/\/madridsindical.es\/archivo\/wp-content\/uploads\/2022\/04\/003IMG_3258-695x404.jpg 695w, https:\/\/madridsindical.es\/archivo\/wp-content\/uploads\/2022\/04\/003IMG_3258.jpg 1200w\" sizes=\"(max-width: 300px) 100vw, 300px\" \/><\/a><\/figure><div class=\"elementor-image-box-content\"><h2 class=\"elementor-image-box-title\"><a href=\"https:\/\/madridsindical.es\/archivo\/2022\/04\/27\/la-voz-de-los-afectados-por-amianto\/\">La voz de los afectados por amianto<\/a><\/h2><p class=\"elementor-image-box-description\">El amianto, un material fibroso, resistente, incombustible, ligero e indestructible \u2013uralita, en su versi\u00f3n m\u00e1s popular-, es un asesino en serie implacable. Se infiltra a trav\u00e9s de las v\u00edas respiratorias, corroe silenciosamente los pulmones y puede afectar a otros \u00f3rganos en forma de tumores y otras graves patolog\u00edas. <\/p><\/div><\/div>\t\t\t\t<\/div>\n\t\t\t\t<\/div>\n\t\t\t\t\t<\/div>\n\t\t<\/div>\n\t\t\t\t\t<\/div>\n\t\t<\/section>\n\t\t\t\t<section class=\"elementor-section elementor-top-section elementor-element elementor-element-8429319 elementor-section-boxed elementor-section-height-default elementor-section-height-default\" data-id=\"8429319\" data-element_type=\"section\">\n\t\t\t\t\t\t<div class=\"elementor-container elementor-column-gap-default\">\n\t\t\t\t\t<div class=\"elementor-column elementor-col-100 elementor-top-column elementor-element elementor-element-438bc83\" data-id=\"438bc83\" data-element_type=\"column\">\n\t\t\t<div class=\"elementor-widget-wrap elementor-element-populated\">\n\t\t\t\t\t\t<div class=\"elementor-element elementor-element-98e1a6b elementor-widget-divider--view-line elementor-widget elementor-widget-divider\" data-id=\"98e1a6b\" data-element_type=\"widget\" data-widget_type=\"divider.default\">\n\t\t\t\t<div class=\"elementor-widget-container\">\n\t\t\t\t\t\t\t<div class=\"elementor-divider\">\n\t\t\t<span class=\"elementor-divider-separator\">\n\t\t\t\t\t\t<\/span>\n\t\t<\/div>\n\t\t\t\t\t\t<\/div>\n\t\t\t\t<\/div>\n\t\t\t\t\t<\/div>\n\t\t<\/div>\n\t\t\t\t\t<\/div>\n\t\t<\/section>\n\t\t\t\t<section class=\"elementor-section elementor-top-section elementor-element elementor-element-2eca983 elementor-section-boxed elementor-section-height-default elementor-section-height-default\" data-id=\"2eca983\" data-element_type=\"section\">\n\t\t\t\t\t\t<div class=\"elementor-container elementor-column-gap-default\">\n\t\t\t\t\t<div class=\"elementor-column elementor-col-100 elementor-top-column elementor-element elementor-element-3552997\" data-id=\"3552997\" data-element_type=\"column\">\n\t\t\t<div class=\"elementor-widget-wrap elementor-element-populated\">\n\t\t\t\t\t\t<div class=\"elementor-element elementor-element-c4e969b elementor-position-left elementor-vertical-align-middle elementor-widget elementor-widget-image-box\" data-id=\"c4e969b\" data-element_type=\"widget\" data-widget_type=\"image-box.default\">\n\t\t\t\t<div class=\"elementor-widget-container\">\n\t\t\t\t\t<div class=\"elementor-image-box-wrapper\"><figure class=\"elementor-image-box-img\"><a href=\"https:\/\/madridsindical.es\/archivo\/que-paso-geriatricos-madrilenos-covid\/\" tabindex=\"-1\"><img loading=\"lazy\" decoding=\"async\" width=\"300\" height=\"200\" src=\"https:\/\/madridsindical.es\/archivo\/wp-content\/uploads\/2021\/07\/residenciaIMG_7464-1-300x200.jpg\" class=\"attachment-medium size-medium wp-image-2775\" alt=\"\" srcset=\"https:\/\/madridsindical.es\/archivo\/wp-content\/uploads\/2021\/07\/residenciaIMG_7464-1-300x200.jpg 300w, https:\/\/madridsindical.es\/archivo\/wp-content\/uploads\/2021\/07\/residenciaIMG_7464-1-1024x682.jpg 1024w, https:\/\/madridsindical.es\/archivo\/wp-content\/uploads\/2021\/07\/residenciaIMG_7464-1-768x512.jpg 768w, https:\/\/madridsindical.es\/archivo\/wp-content\/uploads\/2021\/07\/residenciaIMG_7464-1-1536x1024.jpg 1536w, https:\/\/madridsindical.es\/archivo\/wp-content\/uploads\/2021\/07\/residenciaIMG_7464-1-465x310.jpg 465w, https:\/\/madridsindical.es\/archivo\/wp-content\/uploads\/2021\/07\/residenciaIMG_7464-1-695x463.jpg 695w, https:\/\/madridsindical.es\/archivo\/wp-content\/uploads\/2021\/07\/residenciaIMG_7464-1.jpg 2000w\" sizes=\"(max-width: 300px) 100vw, 300px\" \/><\/a><\/figure><div class=\"elementor-image-box-content\"><h2 class=\"elementor-image-box-title\"><a href=\"https:\/\/madridsindical.es\/archivo\/que-paso-geriatricos-madrilenos-covid\/\">Tragedia en las residencias de mayores<\/a><\/h2><p class=\"elementor-image-box-description\">Publicamos un especial sobre lo ocurrido en los geri\u00e1tricos madrile\u00f1os durante la primera ola de la pandemia como consecuencia del \u2018protocolo de la verg\u00fcenza\u2019 ordenado por el Gobierno regional. Durante los veinte d\u00edas posteriores a la aplicaci\u00f3n de dicho protocolo murieron en los geri\u00e1tricos madrile\u00f1os 5.343 personas ancianas sin recibir atenci\u00f3n hospitalaria, en el m\u00e1s absoluto abandono y en completa soledad.\n<\/p><\/div><\/div>\t\t\t\t<\/div>\n\t\t\t\t<\/div>\n\t\t\t\t\t<\/div>\n\t\t<\/div>\n\t\t\t\t\t<\/div>\n\t\t<\/section>\n\t\t\t\t<section class=\"elementor-section elementor-top-section elementor-element elementor-element-3055b6f elementor-section-boxed elementor-section-height-default elementor-section-height-default\" data-id=\"3055b6f\" data-element_type=\"section\">\n\t\t\t\t\t\t<div class=\"elementor-container elementor-column-gap-default\">\n\t\t\t\t\t<div class=\"elementor-column elementor-col-100 elementor-top-column elementor-element elementor-element-d5b50ce\" data-id=\"d5b50ce\" data-element_type=\"column\">\n\t\t\t<div class=\"elementor-widget-wrap elementor-element-populated\">\n\t\t\t\t\t\t<div class=\"elementor-element elementor-element-fe4b0c3 elementor-widget-divider--view-line elementor-widget elementor-widget-divider\" data-id=\"fe4b0c3\" data-element_type=\"widget\" data-widget_type=\"divider.default\">\n\t\t\t\t<div class=\"elementor-widget-container\">\n\t\t\t\t\t\t\t<div class=\"elementor-divider\">\n\t\t\t<span class=\"elementor-divider-separator\">\n\t\t\t\t\t\t<\/span>\n\t\t<\/div>\n\t\t\t\t\t\t<\/div>\n\t\t\t\t<\/div>\n\t\t\t\t\t<\/div>\n\t\t<\/div>\n\t\t\t\t\t<\/div>\n\t\t<\/section>\n\t\t\t\t<section class=\"elementor-section elementor-top-section elementor-element elementor-element-935fa36 elementor-section-boxed elementor-section-height-default elementor-section-height-default\" data-id=\"935fa36\" data-element_type=\"section\">\n\t\t\t\t\t\t<div class=\"elementor-container elementor-column-gap-default\">\n\t\t\t\t\t<div class=\"elementor-column elementor-col-100 elementor-top-column elementor-element elementor-element-179d3c3\" data-id=\"179d3c3\" data-element_type=\"column\">\n\t\t\t<div class=\"elementor-widget-wrap elementor-element-populated\">\n\t\t\t\t\t\t<div class=\"elementor-element elementor-element-e11406c elementor-position-left elementor-vertical-align-middle elementor-widget elementor-widget-image-box\" data-id=\"e11406c\" data-element_type=\"widget\" data-widget_type=\"image-box.default\">\n\t\t\t\t<div class=\"elementor-widget-container\">\n\t\t\t\t\t<div class=\"elementor-image-box-wrapper\"><figure class=\"elementor-image-box-img\"><a href=\"https:\/\/madridsindical.es\/archivo\/2020\/10\/09\/reportaje-memoria-historica\/\" tabindex=\"-1\"><img loading=\"lazy\" decoding=\"async\" width=\"300\" height=\"200\" src=\"https:\/\/madridsindical.es\/archivo\/wp-content\/uploads\/2021\/01\/0090sep-300x200.jpg\" class=\"attachment-medium size-medium wp-image-2271\" alt=\"\" srcset=\"https:\/\/madridsindical.es\/archivo\/wp-content\/uploads\/2021\/01\/0090sep-300x200.jpg 300w, https:\/\/madridsindical.es\/archivo\/wp-content\/uploads\/2021\/01\/0090sep-1024x682.jpg 1024w, https:\/\/madridsindical.es\/archivo\/wp-content\/uploads\/2021\/01\/0090sep-768x512.jpg 768w, https:\/\/madridsindical.es\/archivo\/wp-content\/uploads\/2021\/01\/0090sep-1536x1024.jpg 1536w, https:\/\/madridsindical.es\/archivo\/wp-content\/uploads\/2021\/01\/0090sep-465x310.jpg 465w, https:\/\/madridsindical.es\/archivo\/wp-content\/uploads\/2021\/01\/0090sep-695x463.jpg 695w, https:\/\/madridsindical.es\/archivo\/wp-content\/uploads\/2021\/01\/0090sep.jpg 2000w\" sizes=\"(max-width: 300px) 100vw, 300px\" \/><\/a><\/figure><div class=\"elementor-image-box-content\"><h2 class=\"elementor-image-box-title\"><a href=\"https:\/\/madridsindical.es\/archivo\/2020\/10\/09\/reportaje-memoria-historica\/\">La fosa infinita<\/a><\/h2><p class=\"elementor-image-box-description\">Un minero jubilado y voluntario de la Asociaci\u00f3n para la Recuperaci\u00f3n de la Memoria Hist\u00f3rica (ARMH) encuentra el anillo de boda de un sindicalista madrile\u00f1o asesinado por sublevados franquistas el 25 de julio de 1936 en El Espinar (Segovia). Se llamaba Eugenio Ins\u00faa, ten\u00eda 29 a\u00f1os, trabajaba en la Casa de la Moneda y dio su vida por defender la democracia en Espa\u00f1a. Fue arrojado sin identificar a una fosa com\u00fan junto a otros obreros a los que dieron muerte en la plaza del pueblo.  Esta es su historia.<\/p><\/div><\/div>\t\t\t\t<\/div>\n\t\t\t\t<\/div>\n\t\t\t\t\t<\/div>\n\t\t<\/div>\n\t\t\t\t\t<\/div>\n\t\t<\/section>\n\t\t\t\t<section class=\"elementor-section elementor-top-section elementor-element elementor-element-60f5c97 elementor-section-boxed elementor-section-height-default elementor-section-height-default\" data-id=\"60f5c97\" data-element_type=\"section\">\n\t\t\t\t\t\t<div class=\"elementor-container elementor-column-gap-default\">\n\t\t\t\t\t<div class=\"elementor-column elementor-col-100 elementor-top-column elementor-element elementor-element-96a29e4\" data-id=\"96a29e4\" data-element_type=\"column\">\n\t\t\t<div class=\"elementor-widget-wrap elementor-element-populated\">\n\t\t\t\t\t\t<div class=\"elementor-element elementor-element-dc33ac5 elementor-widget-divider--view-line elementor-widget elementor-widget-divider\" data-id=\"dc33ac5\" data-element_type=\"widget\" data-widget_type=\"divider.default\">\n\t\t\t\t<div class=\"elementor-widget-container\">\n\t\t\t\t\t\t\t<div class=\"elementor-divider\">\n\t\t\t<span class=\"elementor-divider-separator\">\n\t\t\t\t\t\t<\/span>\n\t\t<\/div>\n\t\t\t\t\t\t<\/div>\n\t\t\t\t<\/div>\n\t\t\t\t\t<\/div>\n\t\t<\/div>\n\t\t\t\t\t<\/div>\n\t\t<\/section>\n\t\t\t\t<section class=\"elementor-section elementor-top-section elementor-element elementor-element-d0ec21e elementor-section-boxed elementor-section-height-default elementor-section-height-default\" data-id=\"d0ec21e\" data-element_type=\"section\">\n\t\t\t\t\t\t<div class=\"elementor-container elementor-column-gap-default\">\n\t\t\t\t\t<div class=\"elementor-column elementor-col-100 elementor-top-column elementor-element elementor-element-e3bb1a3\" data-id=\"e3bb1a3\" data-element_type=\"column\">\n\t\t\t<div class=\"elementor-widget-wrap elementor-element-populated\">\n\t\t\t\t\t\t<div class=\"elementor-element elementor-element-baec71a elementor-position-left elementor-vertical-align-middle elementor-widget elementor-widget-image-box\" data-id=\"baec71a\" data-element_type=\"widget\" data-widget_type=\"image-box.default\">\n\t\t\t\t<div class=\"elementor-widget-container\">\n\t\t\t\t\t<div class=\"elementor-image-box-wrapper\"><figure class=\"elementor-image-box-img\"><a href=\"https:\/\/madridsindical.es\/archivo\/un-recorrido-por-las-colas-del-hambre-en-los-barrios-de-madrid\/\" tabindex=\"-1\"><img loading=\"lazy\" decoding=\"async\" width=\"300\" height=\"169\" src=\"https:\/\/madridsindical.es\/archivo\/wp-content\/uploads\/2020\/06\/WhatsApp-Image-2020-06-12-at-15.39.57-300x169.jpeg\" class=\"attachment-medium size-medium wp-image-1787\" alt=\"\" srcset=\"https:\/\/madridsindical.es\/archivo\/wp-content\/uploads\/2020\/06\/WhatsApp-Image-2020-06-12-at-15.39.57-300x169.jpeg 300w, https:\/\/madridsindical.es\/archivo\/wp-content\/uploads\/2020\/06\/WhatsApp-Image-2020-06-12-at-15.39.57-1024x576.jpeg 1024w, https:\/\/madridsindical.es\/archivo\/wp-content\/uploads\/2020\/06\/WhatsApp-Image-2020-06-12-at-15.39.57-768x432.jpeg 768w, https:\/\/madridsindical.es\/archivo\/wp-content\/uploads\/2020\/06\/WhatsApp-Image-2020-06-12-at-15.39.57-1536x864.jpeg 1536w, https:\/\/madridsindical.es\/archivo\/wp-content\/uploads\/2020\/06\/WhatsApp-Image-2020-06-12-at-15.39.57-465x262.jpeg 465w, https:\/\/madridsindical.es\/archivo\/wp-content\/uploads\/2020\/06\/WhatsApp-Image-2020-06-12-at-15.39.57-695x391.jpeg 695w, https:\/\/madridsindical.es\/archivo\/wp-content\/uploads\/2020\/06\/WhatsApp-Image-2020-06-12-at-15.39.57.jpeg 1600w\" sizes=\"(max-width: 300px) 100vw, 300px\" \/><\/a><\/figure><div class=\"elementor-image-box-content\"><h2 class=\"elementor-image-box-title\"><a href=\"https:\/\/madridsindical.es\/archivo\/un-recorrido-por-las-colas-del-hambre-en-los-barrios-de-madrid\/\">Las colas del hambre en los barrios de Madrid<\/a><\/h2><p class=\"elementor-image-box-description\">Con la crisis provocada por la COVID19, miles de personas se han quedado sin ning\u00fan tipo de ingreso para poder vivir. La crisis alimentaria se ha adue\u00f1ado de muchos barrios de Madrid y mientras Ayuntamiento y Comunidad miran para otro lado, han sido las redes vecinales las que han dado respuesta a estas miles de familias.<\/p><\/div><\/div>\t\t\t\t<\/div>\n\t\t\t\t<\/div>\n\t\t\t\t\t<\/div>\n\t\t<\/div>\n\t\t\t\t\t<\/div>\n\t\t<\/section>\n\t\t\t\t<section class=\"elementor-section elementor-top-section elementor-element elementor-element-011db3c elementor-section-boxed elementor-section-height-default elementor-section-height-default\" data-id=\"011db3c\" data-element_type=\"section\">\n\t\t\t\t\t\t<div class=\"elementor-container elementor-column-gap-default\">\n\t\t\t\t\t<div class=\"elementor-column elementor-col-100 elementor-top-column elementor-element elementor-element-0910b56\" data-id=\"0910b56\" data-element_type=\"column\">\n\t\t\t<div class=\"elementor-widget-wrap elementor-element-populated\">\n\t\t\t\t\t\t<div class=\"elementor-element elementor-element-d24c05b elementor-widget-divider--view-line elementor-widget elementor-widget-divider\" data-id=\"d24c05b\" data-element_type=\"widget\" data-widget_type=\"divider.default\">\n\t\t\t\t<div class=\"elementor-widget-container\">\n\t\t\t\t\t\t\t<div class=\"elementor-divider\">\n\t\t\t<span class=\"elementor-divider-separator\">\n\t\t\t\t\t\t<\/span>\n\t\t<\/div>\n\t\t\t\t\t\t<\/div>\n\t\t\t\t<\/div>\n\t\t\t\t\t<\/div>\n\t\t<\/div>\n\t\t\t\t\t<\/div>\n\t\t<\/section>\n\t\t\t\t<section class=\"elementor-section elementor-top-section elementor-element elementor-element-cb37861 elementor-section-boxed elementor-section-height-default elementor-section-height-default\" data-id=\"cb37861\" data-element_type=\"section\">\n\t\t\t\t\t\t<div class=\"elementor-container elementor-column-gap-default\">\n\t\t\t\t\t<div class=\"elementor-column elementor-col-100 elementor-top-column elementor-element elementor-element-785dd63\" data-id=\"785dd63\" data-element_type=\"column\">\n\t\t\t<div class=\"elementor-widget-wrap elementor-element-populated\">\n\t\t\t\t\t\t<div class=\"elementor-element elementor-element-988679e elementor-position-left elementor-vertical-align-middle elementor-widget elementor-widget-image-box\" data-id=\"988679e\" data-element_type=\"widget\" data-widget_type=\"image-box.default\">\n\t\t\t\t<div class=\"elementor-widget-container\">\n\t\t\t\t\t<div class=\"elementor-image-box-wrapper\"><figure class=\"elementor-image-box-img\"><a href=\"https:\/\/madridsindical.es\/archivo\/fuerza-sindical-en-tiempos-de-covid\/\" tabindex=\"-1\"><img loading=\"lazy\" decoding=\"async\" width=\"300\" height=\"200\" src=\"https:\/\/madridsindical.es\/archivo\/wp-content\/uploads\/2020\/04\/portadaespecial2-300x200.jpg\" class=\"attachment-medium size-medium wp-image-1221\" alt=\"Especial Fuerza sindical en tiempos de COVID\" srcset=\"https:\/\/madridsindical.es\/archivo\/wp-content\/uploads\/2020\/04\/portadaespecial2-300x200.jpg 300w, https:\/\/madridsindical.es\/archivo\/wp-content\/uploads\/2020\/04\/portadaespecial2-1024x683.jpg 1024w, https:\/\/madridsindical.es\/archivo\/wp-content\/uploads\/2020\/04\/portadaespecial2-768x512.jpg 768w, https:\/\/madridsindical.es\/archivo\/wp-content\/uploads\/2020\/04\/portadaespecial2-1536x1024.jpg 1536w, https:\/\/madridsindical.es\/archivo\/wp-content\/uploads\/2020\/04\/portadaespecial2-2048x1365.jpg 2048w, https:\/\/madridsindical.es\/archivo\/wp-content\/uploads\/2020\/04\/portadaespecial2-465x310.jpg 465w, https:\/\/madridsindical.es\/archivo\/wp-content\/uploads\/2020\/04\/portadaespecial2-695x463.jpg 695w\" sizes=\"(max-width: 300px) 100vw, 300px\" \/><\/a><\/figure><div class=\"elementor-image-box-content\"><h2 class=\"elementor-image-box-title\"><a href=\"https:\/\/madridsindical.es\/archivo\/fuerza-sindical-en-tiempos-de-covid\/\">Fuerza sindical en tiempos del Covid<\/a><\/h2><p class=\"elementor-image-box-description\">Madrid Sindical recoge testimonios de delegadas y delegados de CCOO que luchan en primera l\u00ednea de la batalla contra el coronavirus<\/p><\/div><\/div>\t\t\t\t<\/div>\n\t\t\t\t<\/div>\n\t\t\t\t\t<\/div>\n\t\t<\/div>\n\t\t\t\t\t<\/div>\n\t\t<\/section>\n\t\t\t\t<section class=\"elementor-section elementor-top-section elementor-element elementor-element-f3a53b9 elementor-section-boxed elementor-section-height-default elementor-section-height-default\" data-id=\"f3a53b9\" data-element_type=\"section\">\n\t\t\t\t\t\t<div class=\"elementor-container elementor-column-gap-default\">\n\t\t\t\t\t<div class=\"elementor-column elementor-col-100 elementor-top-column elementor-element elementor-element-5fae61c\" data-id=\"5fae61c\" data-element_type=\"column\">\n\t\t\t<div class=\"elementor-widget-wrap elementor-element-populated\">\n\t\t\t\t\t\t<div class=\"elementor-element elementor-element-be09da2 elementor-widget-divider--view-line elementor-widget elementor-widget-divider\" data-id=\"be09da2\" data-element_type=\"widget\" data-widget_type=\"divider.default\">\n\t\t\t\t<div class=\"elementor-widget-container\">\n\t\t\t\t\t\t\t<div class=\"elementor-divider\">\n\t\t\t<span class=\"elementor-divider-separator\">\n\t\t\t\t\t\t<\/span>\n\t\t<\/div>\n\t\t\t\t\t\t<\/div>\n\t\t\t\t<\/div>\n\t\t\t\t\t<\/div>\n\t\t<\/div>\n\t\t\t\t\t<\/div>\n\t\t<\/section>\n\t\t\t\t<section class=\"elementor-section elementor-top-section elementor-element elementor-element-09978d3 elementor-section-boxed elementor-section-height-default elementor-section-height-default\" data-id=\"09978d3\" data-element_type=\"section\">\n\t\t\t\t\t\t<div class=\"elementor-container elementor-column-gap-default\">\n\t\t\t\t\t<div class=\"elementor-column elementor-col-100 elementor-top-column elementor-element elementor-element-00aebaa\" data-id=\"00aebaa\" data-element_type=\"column\">\n\t\t\t<div class=\"elementor-widget-wrap elementor-element-populated\">\n\t\t\t\t\t\t<div class=\"elementor-element elementor-element-7f78f4e elementor-position-left elementor-vertical-align-middle elementor-widget elementor-widget-image-box\" data-id=\"7f78f4e\" data-element_type=\"widget\" data-widget_type=\"image-box.default\">\n\t\t\t\t<div class=\"elementor-widget-container\">\n\t\t\t\t\t<div class=\"elementor-image-box-wrapper\"><figure class=\"elementor-image-box-img\"><a href=\"https:\/\/madridsindical.es\/archivo\/2019\/11\/12\/reportaje-la-educacion-en-la-comunidad-de-madrid\/\" tabindex=\"-1\"><img loading=\"lazy\" decoding=\"async\" width=\"200\" height=\"300\" src=\"https:\/\/madridsindical.es\/archivo\/wp-content\/uploads\/2019\/11\/IMG_6811-01-200x300.jpeg\" class=\"attachment-medium size-medium wp-image-798\" alt=\"\" srcset=\"https:\/\/madridsindical.es\/archivo\/wp-content\/uploads\/2019\/11\/IMG_6811-01-200x300.jpeg 200w, https:\/\/madridsindical.es\/archivo\/wp-content\/uploads\/2019\/11\/IMG_6811-01-768x1152.jpeg 768w, https:\/\/madridsindical.es\/archivo\/wp-content\/uploads\/2019\/11\/IMG_6811-01-683x1024.jpeg 683w, https:\/\/madridsindical.es\/archivo\/wp-content\/uploads\/2019\/11\/IMG_6811-01-367x550.jpeg 367w, https:\/\/madridsindical.es\/archivo\/wp-content\/uploads\/2019\/11\/IMG_6811-01-333x500.jpeg 333w, https:\/\/madridsindical.es\/archivo\/wp-content\/uploads\/2019\/11\/IMG_6811-01.jpeg 1000w\" sizes=\"(max-width: 200px) 100vw, 200px\" \/><\/a><\/figure><div class=\"elementor-image-box-content\"><h2 class=\"elementor-image-box-title\"><a href=\"https:\/\/madridsindical.es\/archivo\/2019\/11\/12\/reportaje-la-educacion-en-la-comunidad-de-madrid\/\">Qu\u00e9 pasa con la educaci\u00f3n<\/a><\/h2><p class=\"elementor-image-box-description\">La pol\u00edtica educativa del PP agranda la brecha entre ricos y pobres en la Comunidad de Madrid<\/p><\/div><\/div>\t\t\t\t<\/div>\n\t\t\t\t<\/div>\n\t\t\t\t\t<\/div>\n\t\t<\/div>\n\t\t\t\t\t<\/div>\n\t\t<\/section>\n\t\t\t\t<section class=\"elementor-section elementor-top-section elementor-element elementor-element-1233e08 elementor-section-boxed elementor-section-height-default elementor-section-height-default\" data-id=\"1233e08\" data-element_type=\"section\">\n\t\t\t\t\t\t<div class=\"elementor-container elementor-column-gap-default\">\n\t\t\t\t\t<div class=\"elementor-column elementor-col-100 elementor-top-column elementor-element elementor-element-7261a92\" data-id=\"7261a92\" data-element_type=\"column\">\n\t\t\t<div class=\"elementor-widget-wrap elementor-element-populated\">\n\t\t\t\t\t\t<div class=\"elementor-element elementor-element-4e5e565 elementor-widget-divider--view-line elementor-widget elementor-widget-divider\" data-id=\"4e5e565\" data-element_type=\"widget\" data-widget_type=\"divider.default\">\n\t\t\t\t<div class=\"elementor-widget-container\">\n\t\t\t\t\t\t\t<div class=\"elementor-divider\">\n\t\t\t<span class=\"elementor-divider-separator\">\n\t\t\t\t\t\t<\/span>\n\t\t<\/div>\n\t\t\t\t\t\t<\/div>\n\t\t\t\t<\/div>\n\t\t\t\t\t<\/div>\n\t\t<\/div>\n\t\t\t\t\t<\/div>\n\t\t<\/section>\n\t\t\t\t<section class=\"elementor-section elementor-top-section elementor-element elementor-element-35840b7 elementor-section-boxed elementor-section-height-default elementor-section-height-default\" data-id=\"35840b7\" data-element_type=\"section\">\n\t\t\t\t\t\t<div class=\"elementor-container elementor-column-gap-default\">\n\t\t\t\t\t<div class=\"elementor-column elementor-col-100 elementor-top-column elementor-element elementor-element-2b2f443\" data-id=\"2b2f443\" data-element_type=\"column\">\n\t\t\t<div class=\"elementor-widget-wrap elementor-element-populated\">\n\t\t\t\t\t\t<div class=\"elementor-element elementor-element-2735ba7 elementor-position-left elementor-vertical-align-middle elementor-widget elementor-widget-image-box\" data-id=\"2735ba7\" data-element_type=\"widget\" data-widget_type=\"image-box.default\">\n\t\t\t\t<div class=\"elementor-widget-container\">\n\t\t\t\t\t<div class=\"elementor-image-box-wrapper\"><figure class=\"elementor-image-box-img\"><a href=\"https:\/\/madridsindical.es\/archivo\/2019\/09\/11\/vuelta-al-cole-entre-andamios-y-hormigon\/\" tabindex=\"-1\"><img loading=\"lazy\" decoding=\"async\" width=\"300\" height=\"200\" src=\"https:\/\/madridsindical.es\/archivo\/wp-content\/uploads\/2019\/09\/003IMG_1195-300x200.jpg\" class=\"attachment-medium size-medium wp-image-618\" alt=\"\" srcset=\"https:\/\/madridsindical.es\/archivo\/wp-content\/uploads\/2019\/09\/003IMG_1195-300x200.jpg 300w, https:\/\/madridsindical.es\/archivo\/wp-content\/uploads\/2019\/09\/003IMG_1195-768x512.jpg 768w, https:\/\/madridsindical.es\/archivo\/wp-content\/uploads\/2019\/09\/003IMG_1195-1024x683.jpg 1024w, https:\/\/madridsindical.es\/archivo\/wp-content\/uploads\/2019\/09\/003IMG_1195-465x310.jpg 465w, https:\/\/madridsindical.es\/archivo\/wp-content\/uploads\/2019\/09\/003IMG_1195-695x463.jpg 695w, https:\/\/madridsindical.es\/archivo\/wp-content\/uploads\/2019\/09\/003IMG_1195.jpg 1200w\" sizes=\"(max-width: 300px) 100vw, 300px\" \/><\/a><\/figure><div class=\"elementor-image-box-content\"><h2 class=\"elementor-image-box-title\"><a href=\"https:\/\/madridsindical.es\/archivo\/2019\/09\/11\/vuelta-al-cole-entre-andamios-y-hormigon\/\">Vuelta al cole entre andamios y hormig\u00f3n<\/a><\/h2><p class=\"elementor-image-box-description\">La pol\u00edtica de construcci\u00f3n por fases del PP ha aumentado la desigualdad entre la escuela p\u00fablica y la privada, con el consiguiente perjuicio para las familias y alumnado, que se ven obligados a empezar las clases con los centros educativos empantanados por las obras.<\/p><\/div><\/div>\t\t\t\t<\/div>\n\t\t\t\t<\/div>\n\t\t\t\t<div class=\"elementor-element elementor-element-ed5508f elementor-widget-divider--view-line elementor-widget elementor-widget-divider\" data-id=\"ed5508f\" data-element_type=\"widget\" data-widget_type=\"divider.default\">\n\t\t\t\t<div class=\"elementor-widget-container\">\n\t\t\t\t\t\t\t<div class=\"elementor-divider\">\n\t\t\t<span class=\"elementor-divider-separator\">\n\t\t\t\t\t\t<\/span>\n\t\t<\/div>\n\t\t\t\t\t\t<\/div>\n\t\t\t\t<\/div>\n\t\t\t\t\t<\/div>\n\t\t<\/div>\n\t\t\t\t\t<\/div>\n\t\t<\/section>\n\t\t\t\t<section class=\"elementor-section elementor-top-section elementor-element elementor-element-ea05879 elementor-section-boxed elementor-section-height-default elementor-section-height-default\" data-id=\"ea05879\" data-element_type=\"section\">\n\t\t\t\t\t\t<div class=\"elementor-container elementor-column-gap-default\">\n\t\t\t\t\t<div class=\"elementor-column elementor-col-100 elementor-top-column elementor-element elementor-element-43101f7\" data-id=\"43101f7\" data-element_type=\"column\">\n\t\t\t<div class=\"elementor-widget-wrap elementor-element-populated\">\n\t\t\t\t\t\t<div class=\"elementor-element elementor-element-d56000f elementor-position-left elementor-vertical-align-middle elementor-widget elementor-widget-image-box\" data-id=\"d56000f\" data-element_type=\"widget\" data-widget_type=\"image-box.default\">\n\t\t\t\t<div class=\"elementor-widget-container\">\n\t\t\t\t\t<div class=\"elementor-image-box-wrapper\"><figure class=\"elementor-image-box-img\"><a href=\"https:\/\/madridsindical.es\/archivo\/2019\/07\/15\/que-pasa-con-madrid\/\" tabindex=\"-1\"><img loading=\"lazy\" decoding=\"async\" width=\"300\" height=\"200\" src=\"https:\/\/madridsindical.es\/archivo\/wp-content\/uploads\/2019\/07\/003-300x200.jpg\" class=\"attachment-medium size-medium wp-image-362\" alt=\"\" srcset=\"https:\/\/madridsindical.es\/archivo\/wp-content\/uploads\/2019\/07\/003-300x200.jpg 300w, https:\/\/madridsindical.es\/archivo\/wp-content\/uploads\/2019\/07\/003-768x512.jpg 768w, https:\/\/madridsindical.es\/archivo\/wp-content\/uploads\/2019\/07\/003-1024x682.jpg 1024w, https:\/\/madridsindical.es\/archivo\/wp-content\/uploads\/2019\/07\/003-465x310.jpg 465w, https:\/\/madridsindical.es\/archivo\/wp-content\/uploads\/2019\/07\/003-695x463.jpg 695w, https:\/\/madridsindical.es\/archivo\/wp-content\/uploads\/2019\/07\/003.jpg 2000w\" sizes=\"(max-width: 300px) 100vw, 300px\" \/><\/a><\/figure><div class=\"elementor-image-box-content\"><h2 class=\"elementor-image-box-title\"><a href=\"https:\/\/madridsindical.es\/archivo\/2019\/07\/15\/que-pasa-con-madrid\/\">La ciudad segregada<\/a><\/h2><p class=\"elementor-image-box-description\">La pobreza y la segregaci\u00f3n en la regi\u00f3n de Madrid se intensifican, los servicios p\u00fablicos se deterioran, la desigualdad se acrecienta y el desequilibrio territorial se agrava. Y ello a pesar de tratarse de la regi\u00f3n m\u00e1s rica de Espa\u00f1a y una de las m\u00e1s pr\u00f3speras de Europa, que hace tiempo dej\u00f3 atr\u00e1s la recesi\u00f3n y crece por encima de la media nacional. \u00bfDe d\u00f3nde viene esta brecha intrarregional? \u00bfC\u00f3mo hacerle frente?<\/p><\/div><\/div>\t\t\t\t<\/div>\n\t\t\t\t<\/div>\n\t\t\t\t\t<\/div>\n\t\t<\/div>\n\t\t\t\t\t<\/div>\n\t\t<\/section>\n\t\t\t\t<section class=\"elementor-section elementor-top-section elementor-element elementor-element-e326041 elementor-section-boxed elementor-section-height-default elementor-section-height-default\" data-id=\"e326041\" data-element_type=\"section\">\n\t\t\t\t\t\t<div class=\"elementor-container elementor-column-gap-default\">\n\t\t\t\t\t<div class=\"elementor-column elementor-col-100 elementor-top-column elementor-element elementor-element-a00cceb\" data-id=\"a00cceb\" data-element_type=\"column\">\n\t\t\t<div class=\"elementor-widget-wrap elementor-element-populated\">\n\t\t\t\t\t\t<div class=\"elementor-element elementor-element-f0681b6 elementor-widget-divider--view-line elementor-widget elementor-widget-divider\" data-id=\"f0681b6\" data-element_type=\"widget\" data-widget_type=\"divider.default\">\n\t\t\t\t<div class=\"elementor-widget-container\">\n\t\t\t\t\t\t\t<div class=\"elementor-divider\">\n\t\t\t<span class=\"elementor-divider-separator\">\n\t\t\t\t\t\t<\/span>\n\t\t<\/div>\n\t\t\t\t\t\t<\/div>\n\t\t\t\t<\/div>\n\t\t\t\t\t<\/div>\n\t\t<\/div>\n\t\t\t\t\t<\/div>\n\t\t<\/section>\n\t\t\t\t<section class=\"elementor-section elementor-top-section elementor-element elementor-element-734aa4d elementor-section-boxed elementor-section-height-default elementor-section-height-default\" data-id=\"734aa4d\" data-element_type=\"section\">\n\t\t\t\t\t\t<div class=\"elementor-container elementor-column-gap-default\">\n\t\t\t\t\t<div class=\"elementor-column elementor-col-100 elementor-top-column elementor-element elementor-element-45148c1\" data-id=\"45148c1\" data-element_type=\"column\">\n\t\t\t<div class=\"elementor-widget-wrap elementor-element-populated\">\n\t\t\t\t\t\t<div class=\"elementor-element elementor-element-d3e3e1c elementor-position-left elementor-vertical-align-top elementor-widget elementor-widget-image-box\" data-id=\"d3e3e1c\" data-element_type=\"widget\" data-widget_type=\"image-box.default\">\n\t\t\t\t<div class=\"elementor-widget-container\">\n\t\t\t\t\t<div class=\"elementor-image-box-wrapper\"><figure class=\"elementor-image-box-img\"><a href=\"https:\/\/madridsindical.es\/archivo\/2019\/07\/25\/reportaje-empleo-basura-en-la-era-digital-el-caso-de-los-riders\/\" tabindex=\"-1\"><img loading=\"lazy\" decoding=\"async\" width=\"2000\" height=\"1333\" src=\"https:\/\/madridsindical.es\/archivo\/wp-content\/uploads\/2019\/07\/p16riders-01-1.jpeg\" class=\"attachment-full size-full wp-image-432\" alt=\"\" srcset=\"https:\/\/madridsindical.es\/archivo\/wp-content\/uploads\/2019\/07\/p16riders-01-1.jpeg 2000w, https:\/\/madridsindical.es\/archivo\/wp-content\/uploads\/2019\/07\/p16riders-01-1-300x200.jpeg 300w, https:\/\/madridsindical.es\/archivo\/wp-content\/uploads\/2019\/07\/p16riders-01-1-768x512.jpeg 768w, https:\/\/madridsindical.es\/archivo\/wp-content\/uploads\/2019\/07\/p16riders-01-1-1024x682.jpeg 1024w, https:\/\/madridsindical.es\/archivo\/wp-content\/uploads\/2019\/07\/p16riders-01-1-465x310.jpeg 465w, https:\/\/madridsindical.es\/archivo\/wp-content\/uploads\/2019\/07\/p16riders-01-1-695x463.jpeg 695w\" sizes=\"(max-width: 2000px) 100vw, 2000px\" \/><\/a><\/figure><div class=\"elementor-image-box-content\"><h3 class=\"elementor-image-box-title\"><a href=\"https:\/\/madridsindical.es\/archivo\/2019\/07\/25\/reportaje-empleo-basura-en-la-era-digital-el-caso-de-los-riders\/\">Empleo basura en la era digital: el caso de los riders<\/a><\/h3><p class=\"elementor-image-box-description\">Cada vez son m\u00e1s y se desplazan por la ciudad a golpe de pedal para  entregar los pedidos a domicilio -comida sobre todo- que distribuyen  plataformas digitales como Deliveroo o Glovo. Los riders  (ciclo-repartidores) conforman uno de los colectivos surgidos al calor  de una econom\u00eda cada vez m\u00e1s \u00abuberizada\u00bb que crea empleo, s\u00ed, pero en  unas condiciones, jornadas y salarios inadmisibles. CCOO de Madrid ha  puesto en marcha una campa\u00f1a para denunciar su situaci\u00f3n e informarles  de los servicios gratuitos de asesoramiento que el sindicato pone a su disposici\u00f3n.<\/p><\/div><\/div>\t\t\t\t<\/div>\n\t\t\t\t<\/div>\n\t\t\t\t\t<\/div>\n\t\t<\/div>\n\t\t\t\t\t<\/div>\n\t\t<\/section>\n\t\t\t\t<\/div>\n\t\t","protected":false},"excerpt":{"rendered":"<p>Trabajadores y trabajadoras de Corrugados protestan ante el Ayuntamiento de Getafe por la falta de soluciones al conflicto Cientos de trabajadores y trabajadoras, acompa\u00f1ados de sus familias y vecinos de Getafe se manifestaron desde la planta de Corrugados hasta el Ayuntamiento de la ciudad, para protestar por la falta de respuesta tanto de la alcaldesa como de la Comunidad de Madrid. La desigualdad territorial en la Comunidad de Madrid Cualquier indicador de calidad del empleo,<span class=\"more-link\"><a href=\"https:\/\/madridsindical.es\/archivo\/reportajes\/\">Contin\u00faa leyendo<\/a><\/span><\/p>\n","protected":false},"author":1,"featured_media":0,"parent":0,"menu_order":0,"comment_status":"closed","ping_status":"closed","template":"","meta":{"footnotes":""},"class_list":["entry","author-madridsindical","post-494","page","type-page","status-publish"],"aioseo_notices":[],"_links":{"self":[{"href":"https:\/\/madridsindical.es\/archivo\/wp-json\/wp\/v2\/pages\/494","targetHints":{"allow":["GET"]}}],"collection":[{"href":"https:\/\/madridsindical.es\/archivo\/wp-json\/wp\/v2\/pages"}],"about":[{"href":"https:\/\/madridsindical.es\/archivo\/wp-json\/wp\/v2\/types\/page"}],"author":[{"embeddable":true,"href":"https:\/\/madridsindical.es\/archivo\/wp-json\/wp\/v2\/users\/1"}],"replies":[{"embeddable":true,"href":"https:\/\/madridsindical.es\/archivo\/wp-json\/wp\/v2\/comments?post=494"}],"version-history":[{"count":67,"href":"https:\/\/madridsindical.es\/archivo\/wp-json\/wp\/v2\/pages\/494\/revisions"}],"predecessor-version":[{"id":5805,"href":"https:\/\/madridsindical.es\/archivo\/wp-json\/wp\/v2\/pages\/494\/revisions\/5805"}],"wp:attachment":[{"href":"https:\/\/madridsindical.es\/archivo\/wp-json\/wp\/v2\/media?parent=494"}],"curies":[{"name":"wp","href":"https:\/\/api.w.org\/{rel}","templated":true}]}}