{"id":1686,"date":"2020-06-12T10:03:04","date_gmt":"2020-06-12T10:03:04","guid":{"rendered":"https:\/\/madridsindical.es\/archivo\/?page_id=1686"},"modified":"2020-06-16T16:08:48","modified_gmt":"2020-06-16T16:08:48","slug":"un-recorrido-por-las-colas-del-hambre-en-los-barrios-de-madrid","status":"publish","type":"page","link":"https:\/\/madridsindical.es\/archivo\/un-recorrido-por-las-colas-del-hambre-en-los-barrios-de-madrid\/","title":{"rendered":"Un recorrido por las colas del hambre en los barrios de Madrid"},"content":{"rendered":"\t\t<div data-elementor-type=\"wp-page\" data-elementor-id=\"1686\" class=\"elementor elementor-1686\">\n\t\t\t\t\t\t<section class=\"elementor-section elementor-top-section elementor-element elementor-element-f38d2f1 elementor-section-boxed elementor-section-height-default elementor-section-height-default\" data-id=\"f38d2f1\" data-element_type=\"section\" data-settings=\"{&quot;background_background&quot;:&quot;slideshow&quot;,&quot;background_slideshow_gallery&quot;:[{&quot;id&quot;:1621,&quot;url&quot;:&quot;https:\\\/\\\/madridsindical.es\\\/archivo\\\/wp-content\\\/uploads\\\/2020\\\/06\\\/IMG_7868.jpg&quot;},{&quot;id&quot;:1601,&quot;url&quot;:&quot;https:\\\/\\\/madridsindical.es\\\/archivo\\\/wp-content\\\/uploads\\\/2020\\\/06\\\/IMG_9173.jpg&quot;},{&quot;id&quot;:1595,&quot;url&quot;:&quot;https:\\\/\\\/madridsindical.es\\\/archivo\\\/wp-content\\\/uploads\\\/2020\\\/06\\\/IMG_1615.jpg&quot;},{&quot;id&quot;:1592,&quot;url&quot;:&quot;https:\\\/\\\/madridsindical.es\\\/archivo\\\/wp-content\\\/uploads\\\/2020\\\/06\\\/001IMG_1659.jpg&quot;}],&quot;background_slideshow_ken_burns&quot;:&quot;yes&quot;,&quot;background_slideshow_loop&quot;:&quot;yes&quot;,&quot;background_slideshow_slide_duration&quot;:5000,&quot;background_slideshow_slide_transition&quot;:&quot;fade&quot;,&quot;background_slideshow_transition_duration&quot;:500,&quot;background_slideshow_ken_burns_zoom_direction&quot;:&quot;in&quot;}\">\n\t\t\t\t\t\t\t<div class=\"elementor-background-overlay\"><\/div>\n\t\t\t\t\t\t\t<div class=\"elementor-container elementor-column-gap-default\">\n\t\t\t\t\t<div class=\"elementor-column elementor-col-100 elementor-top-column elementor-element elementor-element-62121ac\" data-id=\"62121ac\" data-element_type=\"column\">\n\t\t\t<div class=\"elementor-widget-wrap elementor-element-populated\">\n\t\t\t\t\t\t<div class=\"elementor-element elementor-element-a85e067 elementor-widget elementor-widget-heading\" data-id=\"a85e067\" data-element_type=\"widget\" data-widget_type=\"heading.default\">\n\t\t\t\t<div class=\"elementor-widget-container\">\n\t\t\t\t\t<h5 class=\"elementor-heading-title elementor-size-default\"><br><br>Reportaje<\/h5>\t\t\t\t<\/div>\n\t\t\t\t<\/div>\n\t\t\t\t<div class=\"elementor-element elementor-element-0a9fdf8 elementor-widget elementor-widget-heading\" data-id=\"0a9fdf8\" data-element_type=\"widget\" data-widget_type=\"heading.default\">\n\t\t\t\t<div class=\"elementor-widget-container\">\n\t\t\t\t\t<h2 class=\"elementor-heading-title elementor-size-default\">Un recorrido por las colas del hambre en los barrios de Madrid<\/h2>\t\t\t\t<\/div>\n\t\t\t\t<\/div>\n\t\t\t\t<div class=\"elementor-element elementor-element-b8f08a3 elementor-widget elementor-widget-text-editor\" data-id=\"b8f08a3\" data-element_type=\"widget\" data-widget_type=\"text-editor.default\">\n\t\t\t\t<div class=\"elementor-widget-container\">\n\t\t\t\t\t\t\t\t\t<p><strong><span style=\"color: #ffffff;\">Tres meses despu\u00e9s de que el pasado 15 de marzo se declarara el estado de alarma por la pandemia y las largas colas del hambre en Madrid dieran la vuelta al mundo, las redes de apoyo vecinales, que han asumido con una rapidez y eficacia ejemplar la distribuci\u00f3n de alimentos y otros productos imprescindibles para la subsistencia, est\u00e1n desbordadas y exhaustas. Reclaman a los servicios sociales del Ayuntamiento y la Comunidad que asuman su responsabilidad y alertan de que las peticiones de ayuda de la poblaci\u00f3n siguen creciendo. Madrid Sindical ha recorrido cinco barrios de la capital de cuatro distritos para comprobar sobre el terreno lo que est\u00e1 sucediendo. El reportaje incluye una entrevista con Ana Gonz\u00e1lez Blanco, secretaria de Pol\u00edtica Social y Diversidad de CCOO de Madrid. \u201cLa pobreza en la regi\u00f3n\u201d, advierte la portavoz sindical, \u201ces una bomba de relojer\u00eda para la convivencia\u201d<\/span><\/strong><\/p>\t\t\t\t\t\t\t\t<\/div>\n\t\t\t\t<\/div>\n\t\t\t\t\t<\/div>\n\t\t<\/div>\n\t\t\t\t\t<\/div>\n\t\t<\/section>\n\t\t\t\t<section class=\"elementor-section elementor-top-section elementor-element elementor-element-364c6c4 elementor-section-boxed elementor-section-height-default elementor-section-height-default\" data-id=\"364c6c4\" data-element_type=\"section\">\n\t\t\t\t\t\t<div class=\"elementor-container elementor-column-gap-default\">\n\t\t\t\t\t<div class=\"elementor-column elementor-col-100 elementor-top-column elementor-element elementor-element-8aaeb91\" data-id=\"8aaeb91\" data-element_type=\"column\">\n\t\t\t<div class=\"elementor-widget-wrap elementor-element-populated\">\n\t\t\t\t\t\t<div class=\"elementor-element elementor-element-88a65c4 elementor-icon-list--layout-traditional elementor-list-item-link-full_width elementor-widget elementor-widget-icon-list\" data-id=\"88a65c4\" data-element_type=\"widget\" data-widget_type=\"icon-list.default\">\n\t\t\t\t<div class=\"elementor-widget-container\">\n\t\t\t\t\t\t\t<ul class=\"elementor-icon-list-items\">\n\t\t\t\t\t\t\t<li class=\"elementor-icon-list-item\">\n\t\t\t\t\t\t\t\t\t\t\t<a href=\"https:\/\/twitter.com\/Alexacostabrava\">\n\n\t\t\t\t\t\t\t\t\t\t\t\t<span class=\"elementor-icon-list-icon\">\n\t\t\t\t\t\t\t<i aria-hidden=\"true\" class=\"fas fa-pen-fancy\"><\/i>\t\t\t\t\t\t<\/span>\n\t\t\t\t\t\t\t\t\t\t<span class=\"elementor-icon-list-text\">Texto: Alejandra Acosta<\/span>\n\t\t\t\t\t\t\t\t\t\t\t<\/a>\n\t\t\t\t\t\t\t\t\t<\/li>\n\t\t\t\t\t\t\t\t<li class=\"elementor-icon-list-item\">\n\t\t\t\t\t\t\t\t\t\t\t<a href=\"https:\/\/twitter.com\/frlorente\">\n\n\t\t\t\t\t\t\t\t\t\t\t\t<span class=\"elementor-icon-list-icon\">\n\t\t\t\t\t\t\t<i aria-hidden=\"true\" class=\"fas fa-camera\"><\/i>\t\t\t\t\t\t<\/span>\n\t\t\t\t\t\t\t\t\t\t<span class=\"elementor-icon-list-text\">Fotos y v\u00eddeo: Fran Lorente<\/span>\n\t\t\t\t\t\t\t\t\t\t\t<\/a>\n\t\t\t\t\t\t\t\t\t<\/li>\n\t\t\t\t\t\t\t\t<li class=\"elementor-icon-list-item\">\n\t\t\t\t\t\t\t\t\t\t\t<span class=\"elementor-icon-list-icon\">\n\t\t\t\t\t\t\t<i aria-hidden=\"true\" class=\"fas fa-file-video\"><\/i>\t\t\t\t\t\t<\/span>\n\t\t\t\t\t\t\t\t\t\t<span class=\"elementor-icon-list-text\">Edici\u00f3n de v\u00eddeo: Javier Cantizani<\/span>\n\t\t\t\t\t\t\t\t\t<\/li>\n\t\t\t\t\t\t<\/ul>\n\t\t\t\t\t\t<\/div>\n\t\t\t\t<\/div>\n\t\t\t\t\t<\/div>\n\t\t<\/div>\n\t\t\t\t\t<\/div>\n\t\t<\/section>\n\t\t\t\t<section class=\"elementor-section elementor-top-section elementor-element elementor-element-71ea5dc elementor-section-content-middle elementor-section-boxed elementor-section-height-default elementor-section-height-default\" data-id=\"71ea5dc\" data-element_type=\"section\">\n\t\t\t\t\t\t<div class=\"elementor-container elementor-column-gap-no\">\n\t\t\t\t\t<div class=\"elementor-column elementor-col-50 elementor-top-column elementor-element elementor-element-b787e3e\" data-id=\"b787e3e\" data-element_type=\"column\">\n\t\t\t<div class=\"elementor-widget-wrap elementor-element-populated\">\n\t\t\t\t\t\t<div class=\"elementor-element elementor-element-f1c3506 elementor-widget elementor-widget-image\" data-id=\"f1c3506\" data-element_type=\"widget\" data-widget_type=\"image.default\">\n\t\t\t\t<div class=\"elementor-widget-container\">\n\t\t\t\t\t\t\t\t\t\t\t\t\t\t\t\t<a href=\"https:\/\/madridsindical.es\/archivo\/2020\/06\/12\/madrid-las-colas-del-hambre-y-el-apoyo-vecinal\/\">\n\t\t\t\t\t\t\t<img fetchpriority=\"high\" decoding=\"async\" width=\"2000\" height=\"1277\" src=\"https:\/\/madridsindical.es\/archivo\/wp-content\/uploads\/2020\/06\/001IMG_2020.jpg\" class=\"attachment-full size-full wp-image-1549\" alt=\"\" srcset=\"https:\/\/madridsindical.es\/archivo\/wp-content\/uploads\/2020\/06\/001IMG_2020.jpg 2000w, https:\/\/madridsindical.es\/archivo\/wp-content\/uploads\/2020\/06\/001IMG_2020-300x192.jpg 300w, https:\/\/madridsindical.es\/archivo\/wp-content\/uploads\/2020\/06\/001IMG_2020-1024x654.jpg 1024w, https:\/\/madridsindical.es\/archivo\/wp-content\/uploads\/2020\/06\/001IMG_2020-768x490.jpg 768w, https:\/\/madridsindical.es\/archivo\/wp-content\/uploads\/2020\/06\/001IMG_2020-1536x981.jpg 1536w, https:\/\/madridsindical.es\/archivo\/wp-content\/uploads\/2020\/06\/001IMG_2020-465x297.jpg 465w, https:\/\/madridsindical.es\/archivo\/wp-content\/uploads\/2020\/06\/001IMG_2020-695x444.jpg 695w\" sizes=\"(max-width: 2000px) 100vw, 2000px\" \/>\t\t\t\t\t\t\t\t<\/a>\n\t\t\t\t\t\t\t\t\t\t\t\t\t\t\t<\/div>\n\t\t\t\t<\/div>\n\t\t\t\t\t<\/div>\n\t\t<\/div>\n\t\t\t\t<div class=\"elementor-column elementor-col-50 elementor-top-column elementor-element elementor-element-37696ee\" data-id=\"37696ee\" data-element_type=\"column\">\n\t\t\t<div class=\"elementor-widget-wrap elementor-element-populated\">\n\t\t\t\t\t\t<div class=\"elementor-element elementor-element-29a812c elementor-position-left elementor-view-default elementor-mobile-position-top elementor-widget elementor-widget-icon-box\" data-id=\"29a812c\" data-element_type=\"widget\" data-widget_type=\"icon-box.default\">\n\t\t\t\t<div class=\"elementor-widget-container\">\n\t\t\t\t\t\t\t<div class=\"elementor-icon-box-wrapper\">\n\n\t\t\t\t\t\t<div class=\"elementor-icon-box-icon\">\n\t\t\t\t<a href=\"https:\/\/madridsindical.es\/archivo\/2020\/06\/12\/madrid-las-colas-del-hambre-y-el-apoyo-vecinal\/\" class=\"elementor-icon\" tabindex=\"-1\" aria-label=\"Ver reportaje\">\n\t\t\t\t<i aria-hidden=\"true\" class=\"far fa-arrow-alt-circle-right\"><\/i>\t\t\t\t<\/a>\n\t\t\t<\/div>\n\t\t\t\n\t\t\t\t\t\t<div class=\"elementor-icon-box-content\">\n\n\t\t\t\t\t\t\t\t\t<h3 class=\"elementor-icon-box-title\">\n\t\t\t\t\t\t<a href=\"https:\/\/madridsindical.es\/archivo\/2020\/06\/12\/madrid-las-colas-del-hambre-y-el-apoyo-vecinal\/\" >\n\t\t\t\t\t\t\tVer reportaje\t\t\t\t\t\t<\/a>\n\t\t\t\t\t<\/h3>\n\t\t\t\t\n\t\t\t\t\n\t\t\t<\/div>\n\t\t\t\n\t\t<\/div>\n\t\t\t\t\t\t<\/div>\n\t\t\t\t<\/div>\n\t\t\t\t<div class=\"elementor-element elementor-element-1f3faee elementor-position-left elementor-view-default elementor-mobile-position-top elementor-widget elementor-widget-icon-box\" data-id=\"1f3faee\" data-element_type=\"widget\" data-widget_type=\"icon-box.default\">\n\t\t\t\t<div class=\"elementor-widget-container\">\n\t\t\t\t\t\t\t<div class=\"elementor-icon-box-wrapper\">\n\n\t\t\t\t\t\t<div class=\"elementor-icon-box-icon\">\n\t\t\t\t<a href=\"https:\/\/madridsindical.es\/archivo\/2020\/06\/11\/un-recorrido-fotografico-por-las-colas-del-hambre-en-los-barrios-de-madrid\/\" class=\"elementor-icon\" tabindex=\"-1\" aria-label=\"Recorrido fotogr\u00e1fico por los barrios de madrid\">\n\t\t\t\t<i aria-hidden=\"true\" class=\"fas fa-camera\"><\/i>\t\t\t\t<\/a>\n\t\t\t<\/div>\n\t\t\t\n\t\t\t\t\t\t<div class=\"elementor-icon-box-content\">\n\n\t\t\t\t\t\t\t\t\t<h3 class=\"elementor-icon-box-title\">\n\t\t\t\t\t\t<a href=\"https:\/\/madridsindical.es\/archivo\/2020\/06\/11\/un-recorrido-fotografico-por-las-colas-del-hambre-en-los-barrios-de-madrid\/\" >\n\t\t\t\t\t\t\tRecorrido fotogr\u00e1fico por los barrios de madrid\t\t\t\t\t\t<\/a>\n\t\t\t\t\t<\/h3>\n\t\t\t\t\n\t\t\t\t\n\t\t\t<\/div>\n\t\t\t\n\t\t<\/div>\n\t\t\t\t\t\t<\/div>\n\t\t\t\t<\/div>\n\t\t\t\t<div class=\"elementor-element elementor-element-60a8ae0 elementor-position-left elementor-view-default elementor-mobile-position-top elementor-widget elementor-widget-icon-box\" data-id=\"60a8ae0\" data-element_type=\"widget\" data-widget_type=\"icon-box.default\">\n\t\t\t\t<div class=\"elementor-widget-container\">\n\t\t\t\t\t\t\t<div class=\"elementor-icon-box-wrapper\">\n\n\t\t\t\t\t\t<div class=\"elementor-icon-box-icon\">\n\t\t\t\t<a href=\"https:\/\/madridsindical.es\/archivo\/2020\/06\/12\/documental-un-recorrido-por-las-colas-del-hambre-de-los-barrios-de-madrid\/\" class=\"elementor-icon\" tabindex=\"-1\" aria-label=\"documental: las colas del hambre\">\n\t\t\t\t<i aria-hidden=\"true\" class=\"fas fa-file-video\"><\/i>\t\t\t\t<\/a>\n\t\t\t<\/div>\n\t\t\t\n\t\t\t\t\t\t<div class=\"elementor-icon-box-content\">\n\n\t\t\t\t\t\t\t\t\t<h3 class=\"elementor-icon-box-title\">\n\t\t\t\t\t\t<a href=\"https:\/\/madridsindical.es\/archivo\/2020\/06\/12\/documental-un-recorrido-por-las-colas-del-hambre-de-los-barrios-de-madrid\/\" >\n\t\t\t\t\t\t\tdocumental: las colas del hambre\t\t\t\t\t\t<\/a>\n\t\t\t\t\t<\/h3>\n\t\t\t\t\n\t\t\t\t\n\t\t\t<\/div>\n\t\t\t\n\t\t<\/div>\n\t\t\t\t\t\t<\/div>\n\t\t\t\t<\/div>\n\t\t\t\t\t<\/div>\n\t\t<\/div>\n\t\t\t\t\t<\/div>\n\t\t<\/section>\n\t\t\t\t<section class=\"elementor-section elementor-top-section elementor-element elementor-element-5a5b080 elementor-section-boxed elementor-section-height-default elementor-section-height-default\" data-id=\"5a5b080\" data-element_type=\"section\" data-settings=\"{&quot;background_background&quot;:&quot;classic&quot;}\">\n\t\t\t\t\t\t<div class=\"elementor-container elementor-column-gap-default\">\n\t\t\t\t\t<div class=\"elementor-column elementor-col-100 elementor-top-column elementor-element elementor-element-5dae3f8\" data-id=\"5dae3f8\" data-element_type=\"column\">\n\t\t\t<div class=\"elementor-widget-wrap elementor-element-populated\">\n\t\t\t\t\t\t<div class=\"elementor-element elementor-element-3796f66 elementor-widget elementor-widget-heading\" data-id=\"3796f66\" data-element_type=\"widget\" data-widget_type=\"heading.default\">\n\t\t\t\t<div class=\"elementor-widget-container\">\n\t\t\t\t\t<h1 class=\"elementor-heading-title elementor-size-large\">Documental<\/h1>\t\t\t\t<\/div>\n\t\t\t\t<\/div>\n\t\t\t\t<div class=\"elementor-element elementor-element-c554635 elementor-widget elementor-widget-text-editor\" data-id=\"c554635\" data-element_type=\"widget\" data-widget_type=\"text-editor.default\">\n\t\t\t\t<div class=\"elementor-widget-container\">\n\t\t\t\t\t\t\t\t\t<p><strong>Con la crisis provocada por la COVID19, miles de personas se han quedado sin ning\u00fan tipo de ingreso para poder vivir. La crisis alimentaria se ha adue\u00f1ado de muchos barrios de Madrid y mientras Ayuntamiento y Comunidad miran para otro lado, han sido las redes vecinales las que han dado respuesta a estas miles de familias.<\/strong><\/p>\t\t\t\t\t\t\t\t<\/div>\n\t\t\t\t<\/div>\n\t\t\t\t<div class=\"elementor-element elementor-element-e746a62 elementor-widget elementor-widget-video\" data-id=\"e746a62\" data-element_type=\"widget\" data-settings=\"{&quot;show_image_overlay&quot;:&quot;yes&quot;,&quot;image_overlay&quot;:{&quot;url&quot;:&quot;https:\\\/\\\/madridsindical.es\\\/archivo\\\/wp-content\\\/uploads\\\/2020\\\/06\\\/Anotaci\\u00f3n-2020-06-12-153017.jpg&quot;,&quot;id&quot;:1783,&quot;size&quot;:&quot;&quot;},&quot;autoplay&quot;:&quot;no&quot;,&quot;youtube_url&quot;:&quot;https:\\\/\\\/youtu.be\\\/e-XboVvk4xk&quot;,&quot;video_type&quot;:&quot;youtube&quot;,&quot;controls&quot;:&quot;yes&quot;}\" data-widget_type=\"video.default\">\n\t\t\t\t<div class=\"elementor-widget-container\">\n\t\t\t\t\t\t\t<div class=\"elementor-wrapper elementor-open-inline\">\n\t\t\t<div class=\"elementor-video\"><\/div>\t\t\t\t<div class=\"elementor-custom-embed-image-overlay\" style=\"background-image: url(https:\/\/madridsindical.es\/archivo\/wp-content\/uploads\/2020\/06\/Anotaci\u00f3n-2020-06-12-153017.jpg);\">\n\t\t\t\t\t\t\t\t\t\t\t\t\t\t\t\t<div class=\"elementor-custom-embed-play\" role=\"button\" aria-label=\"Reproducir v\u00eddeo\" tabindex=\"0\">\n\t\t\t\t\t\t\t<i aria-hidden=\"true\" class=\"eicon-play\"><\/i>\t\t\t\t\t\t<\/div>\n\t\t\t\t\t\t\t\t\t<\/div>\n\t\t\t\t\t<\/div>\n\t\t\t\t\t\t<\/div>\n\t\t\t\t<\/div>\n\t\t\t\t<div class=\"elementor-element elementor-element-3805c43 elementor-widget elementor-widget-text-editor\" data-id=\"3805c43\" data-element_type=\"widget\" data-widget_type=\"text-editor.default\">\n\t\t\t\t<div class=\"elementor-widget-container\">\n\t\t\t\t\t\t\t\t\t<p>Award winning team of professional architests, customizing in home &#038; garden design. We have vast experience of both small and\u00a0large scale projects.<\/p>\t\t\t\t\t\t\t\t<\/div>\n\t\t\t\t<\/div>\n\t\t\t\t\t<\/div>\n\t\t<\/div>\n\t\t\t\t\t<\/div>\n\t\t<\/section>\n\t\t\t\t<section class=\"elementor-section elementor-top-section elementor-element elementor-element-6dc7e42 elementor-section-boxed elementor-section-height-default elementor-section-height-default\" data-id=\"6dc7e42\" data-element_type=\"section\">\n\t\t\t\t\t\t<div class=\"elementor-container elementor-column-gap-default\">\n\t\t\t\t\t<div class=\"elementor-column elementor-col-100 elementor-top-column elementor-element elementor-element-20a1fe4\" data-id=\"20a1fe4\" data-element_type=\"column\">\n\t\t\t<div class=\"elementor-widget-wrap elementor-element-populated\">\n\t\t\t\t\t\t<div class=\"elementor-element elementor-element-90ef39b elementor-widget-divider--view-line elementor-widget elementor-widget-divider\" data-id=\"90ef39b\" data-element_type=\"widget\" data-widget_type=\"divider.default\">\n\t\t\t\t<div class=\"elementor-widget-container\">\n\t\t\t\t\t\t\t<div class=\"elementor-divider\">\n\t\t\t<span class=\"elementor-divider-separator\">\n\t\t\t\t\t\t<\/span>\n\t\t<\/div>\n\t\t\t\t\t\t<\/div>\n\t\t\t\t<\/div>\n\t\t\t\t\t<\/div>\n\t\t<\/div>\n\t\t\t\t\t<\/div>\n\t\t<\/section>\n\t\t\t\t<section class=\"elementor-section elementor-top-section elementor-element elementor-element-3a1fa1ed elementor-section-content-middle elementor-section-boxed elementor-section-height-default elementor-section-height-default\" data-id=\"3a1fa1ed\" data-element_type=\"section\">\n\t\t\t\t\t\t<div class=\"elementor-container elementor-column-gap-no\">\n\t\t\t\t\t<div class=\"elementor-column elementor-col-50 elementor-top-column elementor-element elementor-element-22fb05e9\" data-id=\"22fb05e9\" data-element_type=\"column\">\n\t\t\t<div class=\"elementor-widget-wrap elementor-element-populated\">\n\t\t\t\t\t\t<div class=\"elementor-element elementor-element-243af7bf elementor-widget elementor-widget-image\" data-id=\"243af7bf\" data-element_type=\"widget\" data-widget_type=\"image.default\">\n\t\t\t\t<div class=\"elementor-widget-container\">\n\t\t\t\t\t\t\t\t\t\t\t\t\t\t\t\t<a href=\"https:\/\/madridsindical.es\/archivo\/2020\/06\/12\/la-pobreza-en-madrid-es-una-bomba-de-relojeria-para-la-convivencia\/\">\n\t\t\t\t\t\t\t<img decoding=\"async\" width=\"2000\" height=\"1333\" src=\"https:\/\/madridsindical.es\/archivo\/wp-content\/uploads\/2020\/06\/IMG_2931.jpg\" class=\"attachment-full size-full wp-image-1708\" alt=\"\" srcset=\"https:\/\/madridsindical.es\/archivo\/wp-content\/uploads\/2020\/06\/IMG_2931.jpg 2000w, https:\/\/madridsindical.es\/archivo\/wp-content\/uploads\/2020\/06\/IMG_2931-300x200.jpg 300w, https:\/\/madridsindical.es\/archivo\/wp-content\/uploads\/2020\/06\/IMG_2931-1024x682.jpg 1024w, https:\/\/madridsindical.es\/archivo\/wp-content\/uploads\/2020\/06\/IMG_2931-768x512.jpg 768w, https:\/\/madridsindical.es\/archivo\/wp-content\/uploads\/2020\/06\/IMG_2931-1536x1024.jpg 1536w, https:\/\/madridsindical.es\/archivo\/wp-content\/uploads\/2020\/06\/IMG_2931-465x310.jpg 465w, https:\/\/madridsindical.es\/archivo\/wp-content\/uploads\/2020\/06\/IMG_2931-695x463.jpg 695w\" sizes=\"(max-width: 2000px) 100vw, 2000px\" \/>\t\t\t\t\t\t\t\t<\/a>\n\t\t\t\t\t\t\t\t\t\t\t\t\t\t\t<\/div>\n\t\t\t\t<\/div>\n\t\t\t\t\t<\/div>\n\t\t<\/div>\n\t\t\t\t<div class=\"elementor-column elementor-col-50 elementor-top-column elementor-element elementor-element-18c44ed8\" data-id=\"18c44ed8\" data-element_type=\"column\">\n\t\t\t<div class=\"elementor-widget-wrap elementor-element-populated\">\n\t\t\t\t\t\t<div class=\"elementor-element elementor-element-be47c2 elementor-widget elementor-widget-text-editor\" data-id=\"be47c2\" data-element_type=\"widget\" data-widget_type=\"text-editor.default\">\n\t\t\t\t<div class=\"elementor-widget-container\">\n\t\t\t\t\t\t\t\t\t<p>Entrevista: <strong>Ana Gonz\u00e1lez Blanco<\/strong>, Secterar\u00eda de Pol\u00edtica Social y Diversidad de CCOO de Madrid<\/p>\t\t\t\t\t\t\t\t<\/div>\n\t\t\t\t<\/div>\n\t\t\t\t<div class=\"elementor-element elementor-element-4d8ea797 elementor-widget elementor-widget-heading\" data-id=\"4d8ea797\" data-element_type=\"widget\" data-widget_type=\"heading.default\">\n\t\t\t\t<div class=\"elementor-widget-container\">\n\t\t\t\t\t<h2 class=\"elementor-heading-title elementor-size-default\"><a href=\"https:\/\/madridsindical.es\/archivo\/2020\/06\/12\/la-pobreza-en-madrid-es-una-bomba-de-relojeria-para-la-convivencia\/\">\u201cLa pobreza en Madrid es una bomba de relojer\u00eda para la convivencia\u201d<\/a><\/h2>\t\t\t\t<\/div>\n\t\t\t\t<\/div>\n\t\t\t\t\t<\/div>\n\t\t<\/div>\n\t\t\t\t\t<\/div>\n\t\t<\/section>\n\t\t\t\t<section class=\"elementor-section elementor-top-section elementor-element elementor-element-2213ed8 elementor-section-boxed elementor-section-height-default elementor-section-height-default\" data-id=\"2213ed8\" data-element_type=\"section\">\n\t\t\t\t\t\t<div class=\"elementor-container elementor-column-gap-no\">\n\t\t\t\t\t<div class=\"elementor-column elementor-col-100 elementor-top-column elementor-element elementor-element-72688f3b\" data-id=\"72688f3b\" data-element_type=\"column\">\n\t\t\t<div class=\"elementor-widget-wrap elementor-element-populated\">\n\t\t\t\t\t\t<section class=\"elementor-section elementor-inner-section elementor-element elementor-element-1ee5e79f elementor-section-boxed elementor-section-height-default elementor-section-height-default\" data-id=\"1ee5e79f\" data-element_type=\"section\" data-settings=\"{&quot;background_background&quot;:&quot;classic&quot;}\">\n\t\t\t\t\t\t<div class=\"elementor-container elementor-column-gap-no\">\n\t\t\t\t\t<div class=\"elementor-column elementor-col-50 elementor-inner-column elementor-element elementor-element-72dc1062\" data-id=\"72dc1062\" data-element_type=\"column\" data-settings=\"{&quot;background_background&quot;:&quot;classic&quot;}\">\n\t\t\t<div class=\"elementor-widget-wrap elementor-element-populated\">\n\t\t\t\t\t\t<div class=\"elementor-element elementor-element-1ca548b5 elementor-widget elementor-widget-image\" data-id=\"1ca548b5\" data-element_type=\"widget\" data-widget_type=\"image.default\">\n\t\t\t\t<div class=\"elementor-widget-container\">\n\t\t\t\t\t\t\t\t\t\t\t\t\t\t\t<img decoding=\"async\" width=\"2000\" height=\"1333\" src=\"https:\/\/madridsindical.es\/archivo\/wp-content\/uploads\/2020\/06\/IMG_2747.jpg\" class=\"attachment-full size-full wp-image-1704\" alt=\"\" srcset=\"https:\/\/madridsindical.es\/archivo\/wp-content\/uploads\/2020\/06\/IMG_2747.jpg 2000w, https:\/\/madridsindical.es\/archivo\/wp-content\/uploads\/2020\/06\/IMG_2747-300x200.jpg 300w, https:\/\/madridsindical.es\/archivo\/wp-content\/uploads\/2020\/06\/IMG_2747-1024x682.jpg 1024w, https:\/\/madridsindical.es\/archivo\/wp-content\/uploads\/2020\/06\/IMG_2747-768x512.jpg 768w, https:\/\/madridsindical.es\/archivo\/wp-content\/uploads\/2020\/06\/IMG_2747-1536x1024.jpg 1536w, https:\/\/madridsindical.es\/archivo\/wp-content\/uploads\/2020\/06\/IMG_2747-465x310.jpg 465w, https:\/\/madridsindical.es\/archivo\/wp-content\/uploads\/2020\/06\/IMG_2747-695x463.jpg 695w\" sizes=\"(max-width: 2000px) 100vw, 2000px\" \/>\t\t\t\t\t\t\t\t\t\t\t\t\t\t\t<\/div>\n\t\t\t\t<\/div>\n\t\t\t\t<div class=\"elementor-element elementor-element-241289e5 elementor-widget elementor-widget-heading\" data-id=\"241289e5\" data-element_type=\"widget\" data-widget_type=\"heading.default\">\n\t\t\t\t<div class=\"elementor-widget-container\">\n\t\t\t\t\t<h3 class=\"elementor-heading-title elementor-size-large\"><a href=\"https:\/\/madridsindical.es\/archivo\/2020\/06\/12\/la-fravm-critica-la-falta-de-decision-politica-del-gobierno-de-almeida\/\">La FRAVM critica la falta de \u201cdecisi\u00f3n pol\u00edtica\u201d del gobierno de Almeida<\/a><\/h3>\t\t\t\t<\/div>\n\t\t\t\t<\/div>\n\t\t\t\t<div class=\"elementor-element elementor-element-33886f65 elementor-widget-divider--view-line elementor-widget elementor-widget-divider\" data-id=\"33886f65\" data-element_type=\"widget\" data-widget_type=\"divider.default\">\n\t\t\t\t<div class=\"elementor-widget-container\">\n\t\t\t\t\t\t\t<div class=\"elementor-divider\">\n\t\t\t<span class=\"elementor-divider-separator\">\n\t\t\t\t\t\t<\/span>\n\t\t<\/div>\n\t\t\t\t\t\t<\/div>\n\t\t\t\t<\/div>\n\t\t\t\t<div class=\"elementor-element elementor-element-535d5e17 elementor-widget elementor-widget-text-editor\" data-id=\"535d5e17\" data-element_type=\"widget\" data-widget_type=\"text-editor.default\">\n\t\t\t\t<div class=\"elementor-widget-container\">\n\t\t\t\t\t\t\t\t\t<div class=\"elementor-element elementor-element-3d116b08 elementor-widget elementor-widget-text-editor\" data-id=\"3d116b08\" data-element_type=\"widget\" data-widget_type=\"text-editor.default\"><div class=\"elementor-widget-container\"><div class=\"elementor-text-editor elementor-clearfix\"><p><span style=\"color: #ffffff;\"><i>\u201cNadie se plantear\u00eda en una emergencia que se crearan unos servicios sanitarios paralelos. De la misma forma, la atenci\u00f3n a las personas que se han quedado sin ingresos debe recaer en las administraciones p\u00fablicas, no en el movimiento vecinal\u201d<\/i><\/span><\/p><\/div><\/div><\/div><div class=\"elementor-element elementor-element-236ec0b6 elementor-widget elementor-widget-heading\" data-id=\"236ec0b6\" data-element_type=\"widget\" data-widget_type=\"heading.default\"><div class=\"elementor-widget-container\"><h2 class=\"elementor-heading-title elementor-size-default\">JORGE NACARINO<\/h2><\/div><\/div><div class=\"elementor-element elementor-element-74dbebd2 elementor-widget elementor-widget-heading\" data-id=\"74dbebd2\" data-element_type=\"widget\" data-widget_type=\"heading.default\"><div class=\"elementor-widget-container\"><h2 class=\"elementor-heading-title elementor-size-default\">Portavoz de la FRAVM<\/h2><\/div><\/div>\t\t\t\t\t\t\t\t<\/div>\n\t\t\t\t<\/div>\n\t\t\t\t\t<\/div>\n\t\t<\/div>\n\t\t\t\t<div class=\"elementor-column elementor-col-50 elementor-inner-column elementor-element elementor-element-31ef80f9\" data-id=\"31ef80f9\" data-element_type=\"column\" data-settings=\"{&quot;background_background&quot;:&quot;classic&quot;}\">\n\t\t\t<div class=\"elementor-widget-wrap elementor-element-populated\">\n\t\t\t\t\t\t<div class=\"elementor-element elementor-element-236f8652 elementor-widget elementor-widget-image\" data-id=\"236f8652\" data-element_type=\"widget\" data-widget_type=\"image.default\">\n\t\t\t\t<div class=\"elementor-widget-container\">\n\t\t\t\t\t\t\t\t\t\t\t\t\t\t\t<img loading=\"lazy\" decoding=\"async\" width=\"2000\" height=\"1333\" src=\"https:\/\/madridsindical.es\/archivo\/wp-content\/uploads\/2020\/06\/fIMG_7748.jpg\" class=\"attachment-full size-full wp-image-1733\" alt=\"\" srcset=\"https:\/\/madridsindical.es\/archivo\/wp-content\/uploads\/2020\/06\/fIMG_7748.jpg 2000w, https:\/\/madridsindical.es\/archivo\/wp-content\/uploads\/2020\/06\/fIMG_7748-300x200.jpg 300w, https:\/\/madridsindical.es\/archivo\/wp-content\/uploads\/2020\/06\/fIMG_7748-1024x682.jpg 1024w, https:\/\/madridsindical.es\/archivo\/wp-content\/uploads\/2020\/06\/fIMG_7748-768x512.jpg 768w, https:\/\/madridsindical.es\/archivo\/wp-content\/uploads\/2020\/06\/fIMG_7748-1536x1024.jpg 1536w, https:\/\/madridsindical.es\/archivo\/wp-content\/uploads\/2020\/06\/fIMG_7748-465x310.jpg 465w, https:\/\/madridsindical.es\/archivo\/wp-content\/uploads\/2020\/06\/fIMG_7748-695x463.jpg 695w\" sizes=\"(max-width: 2000px) 100vw, 2000px\" \/>\t\t\t\t\t\t\t\t\t\t\t\t\t\t\t<\/div>\n\t\t\t\t<\/div>\n\t\t\t\t<div class=\"elementor-element elementor-element-470c573e elementor-widget elementor-widget-heading\" data-id=\"470c573e\" data-element_type=\"widget\" data-widget_type=\"heading.default\">\n\t\t\t\t<div class=\"elementor-widget-container\">\n\t\t\t\t\t<h3 class=\"elementor-heading-title elementor-size-large\"><a href=\"https:\/\/madridsindical.es\/archivo\/2020\/06\/11\/un-recorrido-fotografico-por-las-colas-del-hambre-en-los-barrios-de-madrid\/\">Recorrido fotogr\u00e1fico por las colas del hambre de los barrios de madrid<\/a><\/h3>\t\t\t\t<\/div>\n\t\t\t\t<\/div>\n\t\t\t\t<div class=\"elementor-element elementor-element-2154d0d8 elementor-widget-divider--view-line elementor-widget elementor-widget-divider\" data-id=\"2154d0d8\" data-element_type=\"widget\" data-widget_type=\"divider.default\">\n\t\t\t\t<div class=\"elementor-widget-container\">\n\t\t\t\t\t\t\t<div class=\"elementor-divider\">\n\t\t\t<span class=\"elementor-divider-separator\">\n\t\t\t\t\t\t<\/span>\n\t\t<\/div>\n\t\t\t\t\t\t<\/div>\n\t\t\t\t<\/div>\n\t\t\t\t<div class=\"elementor-element elementor-element-622307a2 elementor-widget elementor-widget-text-editor\" data-id=\"622307a2\" data-element_type=\"widget\" data-widget_type=\"text-editor.default\">\n\t\t\t\t<div class=\"elementor-widget-container\">\n\t\t\t\t\t\t\t\t\t<p><span style=\"color: #ffffff;\">Tres meses despu\u00e9s de que el pasado 15 de marzo se declarara el estado de alarma por la pandemia y las largas colas del hambre en Madrid dieran la vuelta al mundo, las redes de apoyo vecinales, que han asumido con una rapidez y eficacia ejemplar la distribuci\u00f3n de alimentos y otros productos imprescindibles para la subsistencia, se declaran exhaustas<\/span><\/p>\t\t\t\t\t\t\t\t<\/div>\n\t\t\t\t<\/div>\n\t\t\t\t\t<\/div>\n\t\t<\/div>\n\t\t\t\t\t<\/div>\n\t\t<\/section>\n\t\t\t\t\t<\/div>\n\t\t<\/div>\n\t\t\t\t\t<\/div>\n\t\t<\/section>\n\t\t\t\t<\/div>\n\t\t","protected":false},"excerpt":{"rendered":"<p>Reportaje Un recorrido por las colas del hambre en los barrios de Madrid Tres meses despu\u00e9s de que el pasado 15 de marzo se declarara el estado de alarma por la pandemia y las largas colas del hambre en Madrid dieran la vuelta al mundo, las redes de apoyo vecinales, que han asumido con una rapidez y eficacia ejemplar la distribuci\u00f3n de alimentos y otros productos imprescindibles para la subsistencia, est\u00e1n desbordadas y exhaustas. Reclaman<span class=\"more-link\"><a href=\"https:\/\/madridsindical.es\/archivo\/un-recorrido-por-las-colas-del-hambre-en-los-barrios-de-madrid\/\">Contin\u00faa leyendo<\/a><\/span><\/p>\n","protected":false},"author":1,"featured_media":0,"parent":0,"menu_order":0,"comment_status":"closed","ping_status":"closed","template":"elementor_header_footer","meta":{"footnotes":""},"class_list":["entry","author-madridsindical","post-1686","page","type-page","status-publish"],"aioseo_notices":[],"_links":{"self":[{"href":"https:\/\/madridsindical.es\/archivo\/wp-json\/wp\/v2\/pages\/1686","targetHints":{"allow":["GET"]}}],"collection":[{"href":"https:\/\/madridsindical.es\/archivo\/wp-json\/wp\/v2\/pages"}],"about":[{"href":"https:\/\/madridsindical.es\/archivo\/wp-json\/wp\/v2\/types\/page"}],"author":[{"embeddable":true,"href":"https:\/\/madridsindical.es\/archivo\/wp-json\/wp\/v2\/users\/1"}],"replies":[{"embeddable":true,"href":"https:\/\/madridsindical.es\/archivo\/wp-json\/wp\/v2\/comments?post=1686"}],"version-history":[{"count":21,"href":"https:\/\/madridsindical.es\/archivo\/wp-json\/wp\/v2\/pages\/1686\/revisions"}],"predecessor-version":[{"id":1847,"href":"https:\/\/madridsindical.es\/archivo\/wp-json\/wp\/v2\/pages\/1686\/revisions\/1847"}],"wp:attachment":[{"href":"https:\/\/madridsindical.es\/archivo\/wp-json\/wp\/v2\/media?parent=1686"}],"curies":[{"name":"wp","href":"https:\/\/api.w.org\/{rel}","templated":true}]}}