{"id":1479,"date":"2020-05-13T11:24:21","date_gmt":"2020-05-13T11:24:21","guid":{"rendered":"https:\/\/madridsindical.es\/archivo\/?page_id=1479"},"modified":"2021-09-22T14:51:17","modified_gmt":"2021-09-22T14:51:17","slug":"turno-de-palabra","status":"publish","type":"page","link":"https:\/\/madridsindical.es\/archivo\/turno-de-palabra\/","title":{"rendered":"Turno de palabra"},"content":{"rendered":"\t\t<div data-elementor-type=\"wp-page\" data-elementor-id=\"1479\" class=\"elementor elementor-1479\">\n\t\t\t\t\t\t<section class=\"elementor-section elementor-top-section elementor-element elementor-element-a1e1925 elementor-section-boxed elementor-section-height-default elementor-section-height-default\" data-id=\"a1e1925\" data-element_type=\"section\">\n\t\t\t\t\t\t<div class=\"elementor-container elementor-column-gap-default\">\n\t\t\t\t\t<div class=\"elementor-column elementor-col-66 elementor-top-column elementor-element elementor-element-838d526\" data-id=\"838d526\" data-element_type=\"column\">\n\t\t\t<div class=\"elementor-widget-wrap elementor-element-populated\">\n\t\t\t\t\t\t<div class=\"elementor-element elementor-element-ea156a3 elementor-widget elementor-widget-text-editor\" data-id=\"ea156a3\" data-element_type=\"widget\" data-widget_type=\"text-editor.default\">\n\t\t\t\t<div class=\"elementor-widget-container\">\n\t\t\t\t\t\t\t\t\t<p><strong>TURNO DE PALABRA<\/strong> es una secci\u00f3n <strong>para dar voz a nuestras lectoras y lectores<\/strong>. En este espacio podr\u00e1n expresar libremente su opini\u00f3n en el marco de una <strong>reflexi\u00f3n colectiva<\/strong> sobre los temas de actualidad. Vuestra participaci\u00f3n contribuir\u00e1, sin duda, a <strong>ampliar y mejorar la calidad<\/strong> de los contenidos de nuestra revista digital.<\/p>\t\t\t\t\t\t\t\t<\/div>\n\t\t\t\t<\/div>\n\t\t\t\t\t<\/div>\n\t\t<\/div>\n\t\t\t\t<div class=\"elementor-column elementor-col-33 elementor-top-column elementor-element elementor-element-3ef26c3\" data-id=\"3ef26c3\" data-element_type=\"column\">\n\t\t\t<div class=\"elementor-widget-wrap elementor-element-populated\">\n\t\t\t\t\t\t<div class=\"elementor-element elementor-element-e3ca10f elementor-position-left elementor-view-default elementor-mobile-position-top elementor-widget elementor-widget-icon-box\" data-id=\"e3ca10f\" data-element_type=\"widget\" data-widget_type=\"icon-box.default\">\n\t\t\t\t<div class=\"elementor-widget-container\">\n\t\t\t\t\t\t\t<div class=\"elementor-icon-box-wrapper\">\n\n\t\t\t\t\t\t<div class=\"elementor-icon-box-icon\">\n\t\t\t\t<a href=\"https:\/\/madridsindical.es\/archivo\/2020\/05\/13\/normas-para-publicar-en-la-seccion-turno-de-palabra\/\" class=\"elementor-icon\" tabindex=\"-1\" aria-label=\"Normas de publicaci\u00f3n y contacto\">\n\t\t\t\t<i aria-hidden=\"true\" class=\"far fa-envelope\"><\/i>\t\t\t\t<\/a>\n\t\t\t<\/div>\n\t\t\t\n\t\t\t\t\t\t<div class=\"elementor-icon-box-content\">\n\n\t\t\t\t\t\t\t\t\t<h3 class=\"elementor-icon-box-title\">\n\t\t\t\t\t\t<a href=\"https:\/\/madridsindical.es\/archivo\/2020\/05\/13\/normas-para-publicar-en-la-seccion-turno-de-palabra\/\" >\n\t\t\t\t\t\t\tNormas de publicaci\u00f3n y contacto\t\t\t\t\t\t<\/a>\n\t\t\t\t\t<\/h3>\n\t\t\t\t\n\t\t\t\t\n\t\t\t<\/div>\n\t\t\t\n\t\t<\/div>\n\t\t\t\t\t\t<\/div>\n\t\t\t\t<\/div>\n\t\t\t\t\t<\/div>\n\t\t<\/div>\n\t\t\t\t\t<\/div>\n\t\t<\/section>\n\t\t\t\t<section class=\"elementor-section elementor-top-section elementor-element elementor-element-bde6d1d elementor-section-boxed elementor-section-height-default elementor-section-height-default\" data-id=\"bde6d1d\" data-element_type=\"section\">\n\t\t\t\t\t\t<div class=\"elementor-container elementor-column-gap-default\">\n\t\t\t\t\t<div class=\"elementor-column elementor-col-100 elementor-top-column elementor-element elementor-element-cb3becd\" data-id=\"cb3becd\" data-element_type=\"column\">\n\t\t\t<div class=\"elementor-widget-wrap elementor-element-populated\">\n\t\t\t\t\t\t<div class=\"elementor-element elementor-element-e20f8f2 elementor-widget elementor-widget-image\" data-id=\"e20f8f2\" data-element_type=\"widget\" data-widget_type=\"image.default\">\n\t\t\t\t<div class=\"elementor-widget-container\">\n\t\t\t\t\t\t\t\t\t\t\t\t\t\t\t<img fetchpriority=\"high\" decoding=\"async\" width=\"1024\" height=\"160\" src=\"https:\/\/madridsindical.es\/archivo\/wp-content\/uploads\/2020\/05\/manosIMG_4697-1024x160.jpg\" class=\"attachment-large size-large wp-image-1492\" alt=\"\" srcset=\"https:\/\/madridsindical.es\/archivo\/wp-content\/uploads\/2020\/05\/manosIMG_4697-1024x160.jpg 1024w, https:\/\/madridsindical.es\/archivo\/wp-content\/uploads\/2020\/05\/manosIMG_4697-300x47.jpg 300w, https:\/\/madridsindical.es\/archivo\/wp-content\/uploads\/2020\/05\/manosIMG_4697-768x120.jpg 768w, https:\/\/madridsindical.es\/archivo\/wp-content\/uploads\/2020\/05\/manosIMG_4697-465x73.jpg 465w, https:\/\/madridsindical.es\/archivo\/wp-content\/uploads\/2020\/05\/manosIMG_4697-695x109.jpg 695w, https:\/\/madridsindical.es\/archivo\/wp-content\/uploads\/2020\/05\/manosIMG_4697.jpg 1200w\" sizes=\"(max-width: 1024px) 100vw, 1024px\" \/>\t\t\t\t\t\t\t\t\t\t\t\t\t\t\t<\/div>\n\t\t\t\t<\/div>\n\t\t\t\t\t<\/div>\n\t\t<\/div>\n\t\t\t\t\t<\/div>\n\t\t<\/section>\n\t\t\t\t<section class=\"elementor-section elementor-top-section elementor-element elementor-element-d3fd910 elementor-section-boxed elementor-section-height-default elementor-section-height-default\" data-id=\"d3fd910\" data-element_type=\"section\">\n\t\t\t\t\t\t<div class=\"elementor-container elementor-column-gap-default\">\n\t\t\t\t\t<div class=\"elementor-column elementor-col-100 elementor-top-column elementor-element elementor-element-d7fa340\" data-id=\"d7fa340\" data-element_type=\"column\">\n\t\t\t<div class=\"elementor-widget-wrap elementor-element-populated\">\n\t\t\t\t\t\t<div class=\"elementor-element elementor-element-58aa058 elementor-widget-divider--view-line elementor-widget elementor-widget-divider\" data-id=\"58aa058\" data-element_type=\"widget\" data-widget_type=\"divider.default\">\n\t\t\t\t<div class=\"elementor-widget-container\">\n\t\t\t\t\t\t\t<div class=\"elementor-divider\">\n\t\t\t<span class=\"elementor-divider-separator\">\n\t\t\t\t\t\t<\/span>\n\t\t<\/div>\n\t\t\t\t\t\t<\/div>\n\t\t\t\t<\/div>\n\t\t\t\t\t<\/div>\n\t\t<\/div>\n\t\t\t\t\t<\/div>\n\t\t<\/section>\n\t\t\t\t<section class=\"elementor-section elementor-top-section elementor-element elementor-element-72b1910 elementor-section-boxed elementor-section-height-default elementor-section-height-default\" data-id=\"72b1910\" data-element_type=\"section\">\n\t\t\t\t\t\t<div class=\"elementor-container elementor-column-gap-default\">\n\t\t\t\t\t<div class=\"elementor-column elementor-col-100 elementor-top-column elementor-element elementor-element-0e51931\" data-id=\"0e51931\" data-element_type=\"column\">\n\t\t\t<div class=\"elementor-widget-wrap elementor-element-populated\">\n\t\t\t\t\t\t<div class=\"elementor-element elementor-element-9bea6d7 elementor-position-left elementor-vertical-align-top elementor-widget elementor-widget-image-box\" data-id=\"9bea6d7\" data-element_type=\"widget\" data-widget_type=\"image-box.default\">\n\t\t\t\t<div class=\"elementor-widget-container\">\n\t\t\t\t\t<div class=\"elementor-image-box-wrapper\"><figure class=\"elementor-image-box-img\"><a href=\"https:\/\/madridsindical.es\/archivo\/2021\/09\/22\/turno-de-palabra-eugenio-rincon\/\" tabindex=\"-1\"><img decoding=\"async\" width=\"1029\" height=\"448\" src=\"https:\/\/madridsindical.es\/archivo\/wp-content\/uploads\/2021\/09\/93e312175fd5f388c0fe18141cfa36c7000045.jpg\" class=\"attachment-full size-full wp-image-2864\" alt=\"\" srcset=\"https:\/\/madridsindical.es\/archivo\/wp-content\/uploads\/2021\/09\/93e312175fd5f388c0fe18141cfa36c7000045.jpg 1029w, https:\/\/madridsindical.es\/archivo\/wp-content\/uploads\/2021\/09\/93e312175fd5f388c0fe18141cfa36c7000045-300x131.jpg 300w, https:\/\/madridsindical.es\/archivo\/wp-content\/uploads\/2021\/09\/93e312175fd5f388c0fe18141cfa36c7000045-1024x446.jpg 1024w, https:\/\/madridsindical.es\/archivo\/wp-content\/uploads\/2021\/09\/93e312175fd5f388c0fe18141cfa36c7000045-768x334.jpg 768w, https:\/\/madridsindical.es\/archivo\/wp-content\/uploads\/2021\/09\/93e312175fd5f388c0fe18141cfa36c7000045-465x202.jpg 465w, https:\/\/madridsindical.es\/archivo\/wp-content\/uploads\/2021\/09\/93e312175fd5f388c0fe18141cfa36c7000045-695x303.jpg 695w\" sizes=\"(max-width: 1029px) 100vw, 1029px\" \/><\/a><\/figure><div class=\"elementor-image-box-content\"><h3 class=\"elementor-image-box-title\"><a href=\"https:\/\/madridsindical.es\/archivo\/2021\/09\/22\/turno-de-palabra-eugenio-rincon\/\">En memoria de Francisco Mart\u00edn-Consuegra Colastra, \"Paco\"<\/a><\/h3><p class=\"elementor-image-box-description\"><b>Por Eugenio Rinc\u00f3n<\/b><\/p><\/div><\/div>\t\t\t\t<\/div>\n\t\t\t\t<\/div>\n\t\t\t\t\t<\/div>\n\t\t<\/div>\n\t\t\t\t\t<\/div>\n\t\t<\/section>\n\t\t\t\t<section class=\"elementor-section elementor-top-section elementor-element elementor-element-60f1da8 elementor-section-boxed elementor-section-height-default elementor-section-height-default\" data-id=\"60f1da8\" data-element_type=\"section\">\n\t\t\t\t\t\t<div class=\"elementor-container elementor-column-gap-default\">\n\t\t\t\t\t<div class=\"elementor-column elementor-col-100 elementor-top-column elementor-element elementor-element-d5c0e2b\" data-id=\"d5c0e2b\" data-element_type=\"column\">\n\t\t\t<div class=\"elementor-widget-wrap elementor-element-populated\">\n\t\t\t\t\t\t<div class=\"elementor-element elementor-element-2ebd613 elementor-widget-divider--view-line elementor-widget elementor-widget-divider\" data-id=\"2ebd613\" data-element_type=\"widget\" data-widget_type=\"divider.default\">\n\t\t\t\t<div class=\"elementor-widget-container\">\n\t\t\t\t\t\t\t<div class=\"elementor-divider\">\n\t\t\t<span class=\"elementor-divider-separator\">\n\t\t\t\t\t\t<\/span>\n\t\t<\/div>\n\t\t\t\t\t\t<\/div>\n\t\t\t\t<\/div>\n\t\t\t\t\t<\/div>\n\t\t<\/div>\n\t\t\t\t\t<\/div>\n\t\t<\/section>\n\t\t\t\t<section class=\"elementor-section elementor-top-section elementor-element elementor-element-7f3b96f elementor-section-boxed elementor-section-height-default elementor-section-height-default\" data-id=\"7f3b96f\" data-element_type=\"section\" data-settings=\"{&quot;background_background&quot;:&quot;classic&quot;}\">\n\t\t\t\t\t\t<div class=\"elementor-container elementor-column-gap-default\">\n\t\t\t\t\t<div class=\"elementor-column elementor-col-100 elementor-top-column elementor-element elementor-element-9fa133c\" data-id=\"9fa133c\" data-element_type=\"column\">\n\t\t\t<div class=\"elementor-widget-wrap elementor-element-populated\">\n\t\t\t\t\t\t<div class=\"elementor-element elementor-element-97403fd elementor-position-left elementor-vertical-align-top elementor-widget elementor-widget-image-box\" data-id=\"97403fd\" data-element_type=\"widget\" data-widget_type=\"image-box.default\">\n\t\t\t\t<div class=\"elementor-widget-container\">\n\t\t\t\t\t<div class=\"elementor-image-box-wrapper\"><figure class=\"elementor-image-box-img\"><a href=\"https:\/\/madridsindical.es\/archivo\/2020\/11\/24\/turno-de-palabra-virginia-roca\/\" tabindex=\"-1\"><img decoding=\"async\" width=\"2000\" height=\"1333\" src=\"https:\/\/madridsindical.es\/archivo\/wp-content\/uploads\/2020\/11\/016IMG_5082.jpg\" class=\"attachment-full size-full wp-image-1980\" alt=\"\" srcset=\"https:\/\/madridsindical.es\/archivo\/wp-content\/uploads\/2020\/11\/016IMG_5082.jpg 2000w, https:\/\/madridsindical.es\/archivo\/wp-content\/uploads\/2020\/11\/016IMG_5082-300x200.jpg 300w, https:\/\/madridsindical.es\/archivo\/wp-content\/uploads\/2020\/11\/016IMG_5082-1024x682.jpg 1024w, https:\/\/madridsindical.es\/archivo\/wp-content\/uploads\/2020\/11\/016IMG_5082-768x512.jpg 768w, https:\/\/madridsindical.es\/archivo\/wp-content\/uploads\/2020\/11\/016IMG_5082-1536x1024.jpg 1536w, https:\/\/madridsindical.es\/archivo\/wp-content\/uploads\/2020\/11\/016IMG_5082-465x310.jpg 465w, https:\/\/madridsindical.es\/archivo\/wp-content\/uploads\/2020\/11\/016IMG_5082-695x463.jpg 695w\" sizes=\"(max-width: 2000px) 100vw, 2000px\" \/><\/a><\/figure><div class=\"elementor-image-box-content\"><h3 class=\"elementor-image-box-title\"><a href=\"https:\/\/madridsindical.es\/archivo\/2020\/11\/24\/turno-de-palabra-virginia-roca\/\">Haciendo un mundo<\/a><\/h3><p class=\"elementor-image-box-description\"><b>Por Virginia Roca. Relato galardonado con el primer premio del XXV Certamen Internacional \u201cCartas de Amor\u201d que convoca la Cooperativa Covibar de Rivas Vaciamadrid<\/b><\/p><\/div><\/div>\t\t\t\t<\/div>\n\t\t\t\t<\/div>\n\t\t\t\t\t<\/div>\n\t\t<\/div>\n\t\t\t\t\t<\/div>\n\t\t<\/section>\n\t\t\t\t<section class=\"elementor-section elementor-top-section elementor-element elementor-element-30d7915 elementor-section-boxed elementor-section-height-default elementor-section-height-default\" data-id=\"30d7915\" data-element_type=\"section\">\n\t\t\t\t\t\t<div class=\"elementor-container elementor-column-gap-default\">\n\t\t\t\t\t<div class=\"elementor-column elementor-col-100 elementor-top-column elementor-element elementor-element-0afe0e1\" data-id=\"0afe0e1\" data-element_type=\"column\">\n\t\t\t<div class=\"elementor-widget-wrap elementor-element-populated\">\n\t\t\t\t\t\t<div class=\"elementor-element elementor-element-cb684e7 elementor-widget-divider--view-line elementor-widget elementor-widget-divider\" data-id=\"cb684e7\" data-element_type=\"widget\" data-widget_type=\"divider.default\">\n\t\t\t\t<div class=\"elementor-widget-container\">\n\t\t\t\t\t\t\t<div class=\"elementor-divider\">\n\t\t\t<span class=\"elementor-divider-separator\">\n\t\t\t\t\t\t<\/span>\n\t\t<\/div>\n\t\t\t\t\t\t<\/div>\n\t\t\t\t<\/div>\n\t\t\t\t\t<\/div>\n\t\t<\/div>\n\t\t\t\t\t<\/div>\n\t\t<\/section>\n\t\t\t\t<section class=\"elementor-section elementor-top-section elementor-element elementor-element-e5ee58d elementor-section-boxed elementor-section-height-default elementor-section-height-default\" data-id=\"e5ee58d\" data-element_type=\"section\">\n\t\t\t\t\t\t<div class=\"elementor-container elementor-column-gap-default\">\n\t\t\t\t\t<div class=\"elementor-column elementor-col-100 elementor-top-column elementor-element elementor-element-6faf509\" data-id=\"6faf509\" data-element_type=\"column\">\n\t\t\t<div class=\"elementor-widget-wrap elementor-element-populated\">\n\t\t\t\t\t\t<div class=\"elementor-element elementor-element-7cb39b4 elementor-position-left elementor-vertical-align-top elementor-widget elementor-widget-image-box\" data-id=\"7cb39b4\" data-element_type=\"widget\" data-widget_type=\"image-box.default\">\n\t\t\t\t<div class=\"elementor-widget-container\">\n\t\t\t\t\t<div class=\"elementor-image-box-wrapper\"><figure class=\"elementor-image-box-img\"><a href=\"https:\/\/madridsindical.es\/archivo\/2020\/06\/01\/turno-de-palabra-daniel-gismero\/\" tabindex=\"-1\"><img loading=\"lazy\" decoding=\"async\" width=\"2000\" height=\"1123\" src=\"https:\/\/madridsindical.es\/archivo\/wp-content\/uploads\/2020\/06\/IMG_1439.jpg\" class=\"attachment-full size-full wp-image-1537\" alt=\"\" srcset=\"https:\/\/madridsindical.es\/archivo\/wp-content\/uploads\/2020\/06\/IMG_1439.jpg 2000w, https:\/\/madridsindical.es\/archivo\/wp-content\/uploads\/2020\/06\/IMG_1439-300x168.jpg 300w, https:\/\/madridsindical.es\/archivo\/wp-content\/uploads\/2020\/06\/IMG_1439-1024x575.jpg 1024w, https:\/\/madridsindical.es\/archivo\/wp-content\/uploads\/2020\/06\/IMG_1439-768x431.jpg 768w, https:\/\/madridsindical.es\/archivo\/wp-content\/uploads\/2020\/06\/IMG_1439-1536x862.jpg 1536w, https:\/\/madridsindical.es\/archivo\/wp-content\/uploads\/2020\/06\/IMG_1439-465x261.jpg 465w, https:\/\/madridsindical.es\/archivo\/wp-content\/uploads\/2020\/06\/IMG_1439-695x390.jpg 695w\" sizes=\"(max-width: 2000px) 100vw, 2000px\" \/><\/a><\/figure><div class=\"elementor-image-box-content\"><h3 class=\"elementor-image-box-title\"><a href=\"https:\/\/madridsindical.es\/archivo\/2020\/06\/01\/turno-de-palabra-daniel-gismero\/\">La solidaridad de clase, un arma que remueve conciencias<\/a><\/h3><p class=\"elementor-image-box-description\"><b>Por Daniel Gismero Sanz, responsable de LPV de la Federaci\u00f3n de Construcci\u00f3n y Servicios de Madrid<\/b><\/p><\/div><\/div>\t\t\t\t<\/div>\n\t\t\t\t<\/div>\n\t\t\t\t\t<\/div>\n\t\t<\/div>\n\t\t\t\t\t<\/div>\n\t\t<\/section>\n\t\t\t\t<section class=\"elementor-section elementor-top-section elementor-element elementor-element-60c44ca elementor-section-boxed elementor-section-height-default elementor-section-height-default\" data-id=\"60c44ca\" data-element_type=\"section\">\n\t\t\t\t\t\t<div class=\"elementor-container elementor-column-gap-default\">\n\t\t\t\t\t<div class=\"elementor-column elementor-col-100 elementor-top-column elementor-element elementor-element-9ee73a6\" data-id=\"9ee73a6\" data-element_type=\"column\">\n\t\t\t<div class=\"elementor-widget-wrap elementor-element-populated\">\n\t\t\t\t\t\t<div class=\"elementor-element elementor-element-786307d elementor-widget-divider--view-line elementor-widget elementor-widget-divider\" data-id=\"786307d\" data-element_type=\"widget\" data-widget_type=\"divider.default\">\n\t\t\t\t<div class=\"elementor-widget-container\">\n\t\t\t\t\t\t\t<div class=\"elementor-divider\">\n\t\t\t<span class=\"elementor-divider-separator\">\n\t\t\t\t\t\t<\/span>\n\t\t<\/div>\n\t\t\t\t\t\t<\/div>\n\t\t\t\t<\/div>\n\t\t\t\t\t<\/div>\n\t\t<\/div>\n\t\t\t\t\t<\/div>\n\t\t<\/section>\n\t\t\t\t<section class=\"elementor-section elementor-top-section elementor-element elementor-element-068c384 elementor-section-boxed elementor-section-height-default elementor-section-height-default\" data-id=\"068c384\" data-element_type=\"section\">\n\t\t\t\t\t\t<div class=\"elementor-container elementor-column-gap-default\">\n\t\t\t\t\t<div class=\"elementor-column elementor-col-100 elementor-top-column elementor-element elementor-element-9f4b88f\" data-id=\"9f4b88f\" data-element_type=\"column\">\n\t\t\t<div class=\"elementor-widget-wrap elementor-element-populated\">\n\t\t\t\t\t\t<div class=\"elementor-element elementor-element-7f28229 elementor-position-left elementor-vertical-align-top elementor-widget elementor-widget-image-box\" data-id=\"7f28229\" data-element_type=\"widget\" data-widget_type=\"image-box.default\">\n\t\t\t\t<div class=\"elementor-widget-container\">\n\t\t\t\t\t<div class=\"elementor-image-box-wrapper\"><figure class=\"elementor-image-box-img\"><a href=\"https:\/\/madridsindical.es\/archivo\/2020\/05\/18\/turno-de-palabra-davidlozano\/\" tabindex=\"-1\"><img loading=\"lazy\" decoding=\"async\" width=\"2000\" height=\"1284\" src=\"https:\/\/madridsindical.es\/archivo\/wp-content\/uploads\/2020\/05\/IMG_5581.jpg\" class=\"attachment-full size-full wp-image-1524\" alt=\"\" srcset=\"https:\/\/madridsindical.es\/archivo\/wp-content\/uploads\/2020\/05\/IMG_5581.jpg 2000w, https:\/\/madridsindical.es\/archivo\/wp-content\/uploads\/2020\/05\/IMG_5581-300x193.jpg 300w, https:\/\/madridsindical.es\/archivo\/wp-content\/uploads\/2020\/05\/IMG_5581-1024x657.jpg 1024w, https:\/\/madridsindical.es\/archivo\/wp-content\/uploads\/2020\/05\/IMG_5581-768x493.jpg 768w, https:\/\/madridsindical.es\/archivo\/wp-content\/uploads\/2020\/05\/IMG_5581-1536x986.jpg 1536w, https:\/\/madridsindical.es\/archivo\/wp-content\/uploads\/2020\/05\/IMG_5581-465x299.jpg 465w, https:\/\/madridsindical.es\/archivo\/wp-content\/uploads\/2020\/05\/IMG_5581-695x446.jpg 695w\" sizes=\"(max-width: 2000px) 100vw, 2000px\" \/><\/a><\/figure><div class=\"elementor-image-box-content\"><h3 class=\"elementor-image-box-title\"><a href=\"https:\/\/madridsindical.es\/archivo\/2020\/05\/18\/turno-de-palabra-davidlozano\/\">Es tiempo para el sindicalismo de clase, sin complejos<\/a><\/h3><p class=\"elementor-image-box-description\"><b>Por Juli Galera L\u00f3pez, responsable de Redes Sociales y Comunicaci\u00f3n del Sector de Carretera y Log\u00edstica de la FSC de Madrid<\/b><\/p><\/div><\/div>\t\t\t\t<\/div>\n\t\t\t\t<\/div>\n\t\t\t\t\t<\/div>\n\t\t<\/div>\n\t\t\t\t\t<\/div>\n\t\t<\/section>\n\t\t\t\t<section class=\"elementor-section elementor-top-section elementor-element elementor-element-0d1bb14 elementor-section-boxed elementor-section-height-default elementor-section-height-default\" data-id=\"0d1bb14\" data-element_type=\"section\">\n\t\t\t\t\t\t<div class=\"elementor-container elementor-column-gap-default\">\n\t\t\t\t\t<div class=\"elementor-column elementor-col-100 elementor-top-column elementor-element elementor-element-11a402b\" data-id=\"11a402b\" data-element_type=\"column\">\n\t\t\t<div class=\"elementor-widget-wrap elementor-element-populated\">\n\t\t\t\t\t\t<div class=\"elementor-element elementor-element-6d0fa3a elementor-widget-divider--view-line elementor-widget elementor-widget-divider\" data-id=\"6d0fa3a\" data-element_type=\"widget\" data-widget_type=\"divider.default\">\n\t\t\t\t<div class=\"elementor-widget-container\">\n\t\t\t\t\t\t\t<div class=\"elementor-divider\">\n\t\t\t<span class=\"elementor-divider-separator\">\n\t\t\t\t\t\t<\/span>\n\t\t<\/div>\n\t\t\t\t\t\t<\/div>\n\t\t\t\t<\/div>\n\t\t\t\t\t<\/div>\n\t\t<\/div>\n\t\t\t\t\t<\/div>\n\t\t<\/section>\n\t\t\t\t<section class=\"elementor-section elementor-top-section elementor-element elementor-element-bcc2f02 elementor-section-boxed elementor-section-height-default elementor-section-height-default\" data-id=\"bcc2f02\" data-element_type=\"section\">\n\t\t\t\t\t\t<div class=\"elementor-container elementor-column-gap-default\">\n\t\t\t\t\t<div class=\"elementor-column elementor-col-100 elementor-top-column elementor-element elementor-element-499174c\" data-id=\"499174c\" data-element_type=\"column\">\n\t\t\t<div class=\"elementor-widget-wrap elementor-element-populated\">\n\t\t\t\t\t\t<div class=\"elementor-element elementor-element-50f30d4 elementor-position-left elementor-vertical-align-top elementor-widget elementor-widget-image-box\" data-id=\"50f30d4\" data-element_type=\"widget\" data-widget_type=\"image-box.default\">\n\t\t\t\t<div class=\"elementor-widget-container\">\n\t\t\t\t\t<div class=\"elementor-image-box-wrapper\"><figure class=\"elementor-image-box-img\"><a href=\"https:\/\/madridsindical.es\/archivo\/2020\/05\/18\/turno-de-palabra-davidlozano\/\" tabindex=\"-1\"><img loading=\"lazy\" decoding=\"async\" width=\"1635\" height=\"2000\" src=\"https:\/\/madridsindical.es\/archivo\/wp-content\/uploads\/2020\/05\/IMG_4998bb.jpg\" class=\"attachment-full size-full wp-image-1506\" alt=\"\" srcset=\"https:\/\/madridsindical.es\/archivo\/wp-content\/uploads\/2020\/05\/IMG_4998bb.jpg 1635w, https:\/\/madridsindical.es\/archivo\/wp-content\/uploads\/2020\/05\/IMG_4998bb-245x300.jpg 245w, https:\/\/madridsindical.es\/archivo\/wp-content\/uploads\/2020\/05\/IMG_4998bb-837x1024.jpg 837w, https:\/\/madridsindical.es\/archivo\/wp-content\/uploads\/2020\/05\/IMG_4998bb-768x939.jpg 768w, https:\/\/madridsindical.es\/archivo\/wp-content\/uploads\/2020\/05\/IMG_4998bb-1256x1536.jpg 1256w, https:\/\/madridsindical.es\/archivo\/wp-content\/uploads\/2020\/05\/IMG_4998bb-450x550.jpg 450w, https:\/\/madridsindical.es\/archivo\/wp-content\/uploads\/2020\/05\/IMG_4998bb-409x500.jpg 409w\" sizes=\"(max-width: 1635px) 100vw, 1635px\" \/><\/a><\/figure><div class=\"elementor-image-box-content\"><h3 class=\"elementor-image-box-title\"><a href=\"https:\/\/madridsindical.es\/archivo\/2020\/05\/18\/turno-de-palabra-davidlozano\/\">Zapatero a tus zapatos<\/a><\/h3><p class=\"elementor-image-box-description\"><b>Por David Lozano Cuesta, delegado CCOO en la sanidad privada de Madrid<\/b>\n<br><br>En estos d\u00edas donde el Estado ha recortado derechos, hecho que nos resta poder de negociaci\u00f3n, la labor de los delegados de CCOO, siempre fundamental, ahora debe ser m\u00e1s que nunca colaborativa. Trabajamos d\u00eda a d\u00eda bajo una premisa clara: la prevenci\u00f3n.<\/p><\/div><\/div>\t\t\t\t<\/div>\n\t\t\t\t<\/div>\n\t\t\t\t\t<\/div>\n\t\t<\/div>\n\t\t\t\t\t<\/div>\n\t\t<\/section>\n\t\t\t\t<section class=\"elementor-section elementor-top-section elementor-element elementor-element-37ff1c1 elementor-section-boxed elementor-section-height-default elementor-section-height-default\" data-id=\"37ff1c1\" data-element_type=\"section\">\n\t\t\t\t\t\t<div class=\"elementor-container elementor-column-gap-default\">\n\t\t\t\t\t<div class=\"elementor-column elementor-col-100 elementor-top-column elementor-element elementor-element-45ae93f\" data-id=\"45ae93f\" data-element_type=\"column\">\n\t\t\t<div class=\"elementor-widget-wrap elementor-element-populated\">\n\t\t\t\t\t\t<div class=\"elementor-element elementor-element-190368d elementor-widget-divider--view-line elementor-widget elementor-widget-divider\" data-id=\"190368d\" data-element_type=\"widget\" data-widget_type=\"divider.default\">\n\t\t\t\t<div class=\"elementor-widget-container\">\n\t\t\t\t\t\t\t<div class=\"elementor-divider\">\n\t\t\t<span class=\"elementor-divider-separator\">\n\t\t\t\t\t\t<\/span>\n\t\t<\/div>\n\t\t\t\t\t\t<\/div>\n\t\t\t\t<\/div>\n\t\t\t\t\t<\/div>\n\t\t<\/div>\n\t\t\t\t\t<\/div>\n\t\t<\/section>\n\t\t\t\t<section class=\"elementor-section elementor-top-section elementor-element elementor-element-bff5fed elementor-section-boxed elementor-section-height-default elementor-section-height-default\" data-id=\"bff5fed\" data-element_type=\"section\">\n\t\t\t\t\t\t<div class=\"elementor-container elementor-column-gap-default\">\n\t\t\t\t\t<div class=\"elementor-column elementor-col-100 elementor-top-column elementor-element elementor-element-465ea53\" data-id=\"465ea53\" data-element_type=\"column\">\n\t\t\t<div class=\"elementor-widget-wrap elementor-element-populated\">\n\t\t\t\t\t\t<div class=\"elementor-element elementor-element-8b999ce elementor-position-left elementor-vertical-align-top elementor-widget elementor-widget-image-box\" data-id=\"8b999ce\" data-element_type=\"widget\" data-widget_type=\"image-box.default\">\n\t\t\t\t<div class=\"elementor-widget-container\">\n\t\t\t\t\t<div class=\"elementor-image-box-wrapper\"><figure class=\"elementor-image-box-img\"><a href=\"https:\/\/madridsindical.es\/archivo\/2020\/05\/12\/turno-de-palabra\/\" tabindex=\"-1\"><img loading=\"lazy\" decoding=\"async\" width=\"1035\" height=\"1495\" src=\"https:\/\/madridsindical.es\/archivo\/wp-content\/uploads\/2020\/05\/WhatsApp-Image-2020-05-11-at-10.24.37.jpeg\" class=\"attachment-full size-full wp-image-1458\" alt=\"\" srcset=\"https:\/\/madridsindical.es\/archivo\/wp-content\/uploads\/2020\/05\/WhatsApp-Image-2020-05-11-at-10.24.37.jpeg 1035w, https:\/\/madridsindical.es\/archivo\/wp-content\/uploads\/2020\/05\/WhatsApp-Image-2020-05-11-at-10.24.37-208x300.jpeg 208w, https:\/\/madridsindical.es\/archivo\/wp-content\/uploads\/2020\/05\/WhatsApp-Image-2020-05-11-at-10.24.37-709x1024.jpeg 709w, https:\/\/madridsindical.es\/archivo\/wp-content\/uploads\/2020\/05\/WhatsApp-Image-2020-05-11-at-10.24.37-768x1109.jpeg 768w, https:\/\/madridsindical.es\/archivo\/wp-content\/uploads\/2020\/05\/WhatsApp-Image-2020-05-11-at-10.24.37-381x550.jpeg 381w, https:\/\/madridsindical.es\/archivo\/wp-content\/uploads\/2020\/05\/WhatsApp-Image-2020-05-11-at-10.24.37-346x500.jpeg 346w\" sizes=\"(max-width: 1035px) 100vw, 1035px\" \/><\/a><\/figure><div class=\"elementor-image-box-content\"><h3 class=\"elementor-image-box-title\"><a href=\"https:\/\/madridsindical.es\/archivo\/2020\/05\/12\/turno-de-palabra\/\">Nico fue uno de los imprescindibles<\/a><\/h3><p class=\"elementor-image-box-description\"><b>Por Esteban Galera Arag\u00f3n<\/b><br><br>Conoc\u00ed a Nico como no pod\u00eda ser de otra manera. Era mi primer d\u00eda de trabajo tanto en mi vida como en Correos, un 4 de mayo de 1977, precisamente la fecha de su cumplea\u00f1os. Me hab\u00edan destinado como funcionario interino al negociado de Mesa General en el turno de tarde, cuando Correos y Tel\u00e9grafos ocupaba el emblem\u00e1tico edificio del Palacio de Comunicaciones de la madrile\u00f1a Plaza de las Cibeles\u2026<\/p><\/div><\/div>\t\t\t\t<\/div>\n\t\t\t\t<\/div>\n\t\t\t\t\t<\/div>\n\t\t<\/div>\n\t\t\t\t\t<\/div>\n\t\t<\/section>\n\t\t\t\t<\/div>\n\t\t","protected":false},"excerpt":{"rendered":"<p>TURNO DE PALABRA es una secci\u00f3n para dar voz a nuestras lectoras y lectores. En este espacio podr\u00e1n expresar libremente su opini\u00f3n en el marco de una reflexi\u00f3n colectiva sobre los temas de actualidad. Vuestra participaci\u00f3n contribuir\u00e1, sin duda, a ampliar y mejorar la calidad de los contenidos de nuestra revista digital. Normas de publicaci\u00f3n y contacto En memoria de Francisco Mart\u00edn-Consuegra Colastra, \u00abPaco\u00bb Por Eugenio Rinc\u00f3n Haciendo un mundo Por Virginia Roca. Relato galardonado<span class=\"more-link\"><a href=\"https:\/\/madridsindical.es\/archivo\/turno-de-palabra\/\">Contin\u00faa leyendo<\/a><\/span><\/p>\n","protected":false},"author":1,"featured_media":0,"parent":0,"menu_order":0,"comment_status":"closed","ping_status":"closed","template":"","meta":{"footnotes":""},"class_list":["entry","author-madridsindical","post-1479","page","type-page","status-publish"],"aioseo_notices":[],"_links":{"self":[{"href":"https:\/\/madridsindical.es\/archivo\/wp-json\/wp\/v2\/pages\/1479","targetHints":{"allow":["GET"]}}],"collection":[{"href":"https:\/\/madridsindical.es\/archivo\/wp-json\/wp\/v2\/pages"}],"about":[{"href":"https:\/\/madridsindical.es\/archivo\/wp-json\/wp\/v2\/types\/page"}],"author":[{"embeddable":true,"href":"https:\/\/madridsindical.es\/archivo\/wp-json\/wp\/v2\/users\/1"}],"replies":[{"embeddable":true,"href":"https:\/\/madridsindical.es\/archivo\/wp-json\/wp\/v2\/comments?post=1479"}],"version-history":[{"count":31,"href":"https:\/\/madridsindical.es\/archivo\/wp-json\/wp\/v2\/pages\/1479\/revisions"}],"predecessor-version":[{"id":2870,"href":"https:\/\/madridsindical.es\/archivo\/wp-json\/wp\/v2\/pages\/1479\/revisions\/2870"}],"wp:attachment":[{"href":"https:\/\/madridsindical.es\/archivo\/wp-json\/wp\/v2\/media?parent=1479"}],"curies":[{"name":"wp","href":"https:\/\/api.w.org\/{rel}","templated":true}]}}